{"id":2926,"date":"2015-11-09T17:31:44","date_gmt":"2015-11-09T16:31:44","guid":{"rendered":"http:\/\/arwann.com\/?post_type=product&#038;p=2926"},"modified":"2023-11-26T18:46:55","modified_gmt":"2023-11-26T17:46:55","slug":"lenvolee-de-verdun-15e","status":"publish","type":"product","link":"https:\/\/arwann.com\/?product=lenvolee-de-verdun-15e","title":{"rendered":"L&rsquo;Envol\u00e9e de Verdun (15\u20ac)"},"content":{"rendered":"<p>366 pages<br \/>\nformat : H=20,5 L=14 cm \u00e9paisseur 2,6 cm<br \/>\n450 g<br \/>\n<span style=\"color: #ff0000;\"><strong>15 \u20ac<\/strong><\/span><\/p>\n<blockquote class=\"wp-embedded-content\" data-secret=\"RRr6FoqH5U\"><p><a href=\"http:\/\/arwann.com\/?p=3020\">L&rsquo;Homme Nouveau 7 mai 2016<\/a><\/p><\/blockquote>\n<p><iframe loading=\"lazy\" class=\"wp-embedded-content\" sandbox=\"allow-scripts\" security=\"restricted\" style=\"position: absolute; clip: rect(1px, 1px, 1px, 1px);\" title=\"\u00ab\u00a0L&rsquo;Homme Nouveau 7 mai 2016\u00a0\u00bb &#8212; \" src=\"http:\/\/arwann.com\/?p=3020&#038;embed=true#?secret=ujJ1ilakk6#?secret=RRr6FoqH5U\" data-secret=\"RRr6FoqH5U\" width=\"600\" height=\"338\" frameborder=\"0\" marginwidth=\"0\" marginheight=\"0\" scrolling=\"no\"><\/iframe><\/p>\n<blockquote class=\"wp-embedded-content\" data-secret=\"nxdcvUrdH6\"><p><a href=\"http:\/\/arwann.com\/?p=2993\">Envol\u00e9e de Verdun, critique des Cahiers Saint Rapha\u00ebl<\/a><\/p><\/blockquote>\n<p><iframe loading=\"lazy\" class=\"wp-embedded-content\" sandbox=\"allow-scripts\" security=\"restricted\" style=\"position: absolute; clip: rect(1px, 1px, 1px, 1px);\" title=\"\u00ab\u00a0Envol\u00e9e de Verdun, critique des Cahiers Saint Rapha\u00ebl\u00a0\u00bb &#8212; \" src=\"http:\/\/arwann.com\/?p=2993&#038;embed=true#?secret=Ysy1J9IM6h#?secret=nxdcvUrdH6\" data-secret=\"nxdcvUrdH6\" width=\"600\" height=\"338\" frameborder=\"0\" marginwidth=\"0\" marginheight=\"0\" scrolling=\"no\"><\/iframe><\/p>\n<blockquote class=\"wp-embedded-content\" data-secret=\"jgKHCpwty7\"><p><a href=\"http:\/\/arwann.com\/?p=2974\">L&rsquo;Envol\u00e9e de Verdun, critique de PRESENT du 11 d\u00e9c<\/a><\/p><\/blockquote>\n<p><iframe loading=\"lazy\" class=\"wp-embedded-content\" sandbox=\"allow-scripts\" security=\"restricted\" style=\"position: absolute; clip: rect(1px, 1px, 1px, 1px);\" title=\"\u00ab\u00a0L&rsquo;Envol\u00e9e de Verdun, critique de PRESENT du 11 d\u00e9c\u00a0\u00bb &#8212; \" src=\"http:\/\/arwann.com\/?p=2974&#038;embed=true#?secret=m8hacvK3v5#?secret=jgKHCpwty7\" data-secret=\"jgKHCpwty7\" width=\"600\" height=\"338\" frameborder=\"0\" marginwidth=\"0\" marginheight=\"0\" scrolling=\"no\"><\/iframe><\/p>\n<hr \/>\n<p><a href=\"http:\/\/arwann.com\/wp-content\/uploads\/2015\/11\/Verdun-plat-1000x1000.png\"><img loading=\"lazy\" decoding=\"async\" class=\"alignright size-full wp-image-2930\" src=\"http:\/\/arwann.com\/wp-content\/uploads\/2015\/11\/Verdun-plat-1000x1000.png\" alt=\"Verdun plat 1000x1000\" width=\"1000\" height=\"1000\" srcset=\"https:\/\/arwann.com\/wp-content\/uploads\/2015\/11\/Verdun-plat-1000x1000.png 1000w, https:\/\/arwann.com\/wp-content\/uploads\/2015\/11\/Verdun-plat-1000x1000-200x200.png 200w, https:\/\/arwann.com\/wp-content\/uploads\/2015\/11\/Verdun-plat-1000x1000-100x100.png 100w, https:\/\/arwann.com\/wp-content\/uploads\/2015\/11\/Verdun-plat-1000x1000-300x300.png 300w, https:\/\/arwann.com\/wp-content\/uploads\/2015\/11\/Verdun-plat-1000x1000-150x150.png 150w\" sizes=\"auto, (max-width: 1000px) 100vw, 1000px\" \/><\/a><\/p>\n<p>&nbsp;<\/p>\n<p>&nbsp;<\/p>\n<p>&nbsp;<\/p>\n<p>&nbsp;<\/p>\n<p>&nbsp;<\/p>\n","protected":false},"excerpt":{"rendered":"<p style=\"text-align: justify;\"><a href=\"http:\/\/arwann.com\/?p=3020\"><em><strong>Lien vers une critique du livre<\/strong><\/em><\/a><br \/>\n<a href=\"http:\/\/arwann.com\/?p=2993\"><em><strong>Lien vers une autre critique du livre<br \/>\n<\/strong><\/em><\/a><a href=\"http:\/\/arwann.com\/?p=2974\"><em><strong>Lien vers une troisi\u00e8me critique du livre<\/strong><\/em><\/a><\/p>\n<p style=\"text-align: justify;\"><strong>R\u00e9sum\u00e9<\/strong><br \/>\nLa troupe qui campe non loin de Verdun va organiser les explorations pour d\u00e9couvrir la bataille \u00e9pouvantable qui s\u2019est d\u00e9roul\u00e9e en ces lieux mais aussi, d\u2019une mani\u00e8re plus large, comprendre la Grande Guerre qui a marqu\u00e9 d\u00e9finitivement la France et son destin. Un curieux compagnon se m\u00eale \u00e0 la patrouille du H\u00e9risson\u2026 mais les scouts sont-ils bien prudents de lui faire confiance ? C\u2019est le doute qui ronge Thierry et Jo\u00ebl du H\u00e9risson lorsque survient, au domaine de Vaudoncourt, un drame familial chez les h\u00f4tes des scouts. Peu \u00e0 peu les scouts en viennent \u00e0 soup\u00e7onner les parvenus de l\u2019abbaye voisine car ils d\u00e9couvrent l\u2019existence de relations ambigu\u00ebs entre les deux domaines.<\/p>\n<p><strong>\u00a0<span style=\"color: #993366;\">Extrait<\/span><\/strong><br \/>\n<span style=\"color: #993366;\">&#8211; Faisons le tour, d\u00e9clara Thierry le CP. Je n&rsquo;ai pas envie de nous donner en spectacle ni de g\u00eaner ces demoiselles.<\/span><\/p>\n<p><span style=\"color: #993366;\">Suivi par Jo\u00ebl, il obliqua silencieusement pour s&rsquo;\u00e9carter des deux baigneuses. Soudain il s&rsquo;arr\u00eata net \u00e0 son tour. Un \u00e9clat de soleil venait de lui frapper le coin de l&rsquo;\u0153il. Quelque chose de m\u00e9tallique avait boug\u00e9 dans l&rsquo;herbe non loin de la rive. Sa vieille exp\u00e9rience de pisteur lui soufflait qu&rsquo;il ne s&rsquo;agissait pas simplement d&rsquo;une bo\u00eete de conserve. Sans un mot Jo\u00ebl avait suivi le regard de Thierry et, en m\u00eame temps que son CP, il vit\u2026<\/span><\/p>\n<p><span style=\"color: #993366;\">&#8211; Y a un type qui les espionne, souffla Thierry en s&rsquo;accroupissant lentement dans l&rsquo;ombre du bois.<\/span><\/p>\n<p><span style=\"color: #993366;\">&#8211; Oui, je le vois, murmura Jo\u00ebl, qu&rsquo;est-ce qu&rsquo;il fait l\u00e0\u00a0? Tu crois que les filles sont en danger\u00a0?<\/span><\/p>\n<p style=\"text-align: justify;\">\u00a0<a href=\"http:\/\/arwann.com\/wp-content\/uploads\/2014\/12\/paiement-secure.png\"><img loading=\"lazy\" decoding=\"async\" class=\"aligncenter wp-image-2281 size-large\" src=\"http:\/\/arwann.com\/wp-content\/uploads\/2014\/12\/paiement-secure-1024x529.png\" alt=\"paiement secure\" width=\"604\" height=\"312\" srcset=\"https:\/\/arwann.com\/wp-content\/uploads\/2014\/12\/paiement-secure-1024x529.png 1024w, https:\/\/arwann.com\/wp-content\/uploads\/2014\/12\/paiement-secure-300x155.png 300w, https:\/\/arwann.com\/wp-content\/uploads\/2014\/12\/paiement-secure.png 1222w\" sizes=\"auto, (max-width: 604px) 100vw, 604px\" \/><\/a><\/p>\n<h3 style=\"text-align: justify;\">Prix: 15\u20ac<\/h3>\n","protected":false},"featured_media":2931,"comment_status":"open","ping_status":"closed","template":"","meta":[],"product_brand":[],"product_cat":[26],"product_tag":[],"class_list":{"0":"post-2926","1":"product","2":"type-product","3":"status-publish","4":"has-post-thumbnail","6":"product_cat-livres","7":"product_shipping_class-livre","9":"first","10":"instock","11":"shipping-taxable","12":"purchasable","13":"product-type-simple"},"yoast_head":"<!-- This site is optimized with the Yoast SEO plugin v27.2 - https:\/\/yoast.com\/product\/yoast-seo-wordpress\/ -->\n<title>L&#039;Envol\u00e9e de Verdun (15\u20ac) -<\/title>\n<meta name=\"robots\" content=\"index, follow, max-snippet:-1, max-image-preview:large, max-video-preview:-1\" \/>\n<link rel=\"canonical\" href=\"https:\/\/arwann.com\/?product=lenvolee-de-verdun-15e\" \/>\n<meta property=\"og:locale\" content=\"fr_FR\" \/>\n<meta property=\"og:type\" content=\"article\" \/>\n<meta property=\"og:title\" content=\"L&#039;Envol\u00e9e de Verdun (15\u20ac) -\" \/>\n<meta property=\"og:description\" content=\"Lien vers une critique du livre Lien vers une autre critique du livre Lien vers une troisi\u00e8me critique du livre R\u00e9sum\u00e9 La troupe qui campe non loin de Verdun va organiser les explorations pour d\u00e9couvrir la bataille \u00e9pouvantable qui s\u2019est d\u00e9roul\u00e9e en ces lieux mais aussi, d\u2019une mani\u00e8re plus large, comprendre la Grande Guerre qui a marqu\u00e9 d\u00e9finitivement la France et son destin. Un curieux compagnon se m\u00eale \u00e0 la patrouille du H\u00e9risson\u2026 mais les scouts sont-ils bien prudents de lui faire confiance ? C\u2019est le doute qui ronge Thierry et Jo\u00ebl du H\u00e9risson lorsque survient, au domaine de Vaudoncourt, un drame familial chez les h\u00f4tes des scouts. Peu \u00e0 peu les scouts en viennent \u00e0 soup\u00e7onner les parvenus de l\u2019abbaye voisine car ils d\u00e9couvrent l\u2019existence de relations ambigu\u00ebs entre les deux domaines. \u00a0Extrait - Faisons le tour, d\u00e9clara Thierry le CP. Je n&#039;ai pas envie de nous donner en spectacle ni de g\u00eaner ces demoiselles.  Suivi par Jo\u00ebl, il obliqua silencieusement pour s&#039;\u00e9carter des deux baigneuses. Soudain il s&#039;arr\u00eata net \u00e0 son tour. Un \u00e9clat de soleil venait de lui frapper le coin de l&#039;\u0153il. Quelque chose de m\u00e9tallique avait boug\u00e9 dans l&#039;herbe non loin de la rive. Sa vieille exp\u00e9rience de pisteur lui soufflait qu&#039;il ne s&#039;agissait pas simplement d&#039;une bo\u00eete de conserve. Sans un mot Jo\u00ebl avait suivi le regard de Thierry et, en m\u00eame temps que son CP, il vit\u2026  - Y a un type qui les espionne, souffla Thierry en s&#039;accroupissant lentement dans l&#039;ombre du bois.  - Oui, je le vois, murmura Jo\u00ebl, qu&#039;est-ce qu&#039;il fait l\u00e0\u00a0? Tu crois que les filles sont en danger\u00a0? \u00a0  Prix: 15\u20ac\" \/>\n<meta property=\"og:url\" content=\"https:\/\/arwann.com\/?product=lenvolee-de-verdun-15e\" \/>\n<meta property=\"article:modified_time\" content=\"2023-11-26T17:46:55+00:00\" \/>\n<meta property=\"og:image\" content=\"http:\/\/arwann.com\/wp-content\/uploads\/2015\/11\/Verdun-Livre1000x1000.png\" \/>\n\t<meta property=\"og:image:width\" content=\"1000\" \/>\n\t<meta property=\"og:image:height\" content=\"1000\" \/>\n\t<meta property=\"og:image:type\" content=\"image\/png\" \/>\n<script type=\"application\/ld+json\" class=\"yoast-schema-graph\">{\"@context\":\"https:\/\/schema.org\",\"@graph\":[{\"@type\":\"WebPage\",\"@id\":\"https:\/\/arwann.com\/?product=lenvolee-de-verdun-15e\",\"url\":\"https:\/\/arwann.com\/?product=lenvolee-de-verdun-15e\",\"name\":\"L'Envol\u00e9e de Verdun (15\u20ac) -\",\"isPartOf\":{\"@id\":\"https:\/\/arwann.com\/#website\"},\"primaryImageOfPage\":{\"@id\":\"https:\/\/arwann.com\/?product=lenvolee-de-verdun-15e#primaryimage\"},\"image\":{\"@id\":\"https:\/\/arwann.com\/?product=lenvolee-de-verdun-15e#primaryimage\"},\"thumbnailUrl\":\"https:\/\/arwann.com\/wp-content\/uploads\/2015\/11\/Verdun-Livre1000x1000.png\",\"datePublished\":\"2015-11-09T16:31:44+00:00\",\"dateModified\":\"2023-11-26T17:46:55+00:00\",\"breadcrumb\":{\"@id\":\"https:\/\/arwann.com\/?product=lenvolee-de-verdun-15e#breadcrumb\"},\"inLanguage\":\"fr-FR\",\"potentialAction\":[{\"@type\":\"ReadAction\",\"target\":[\"https:\/\/arwann.com\/?product=lenvolee-de-verdun-15e\"]}]},{\"@type\":\"ImageObject\",\"inLanguage\":\"fr-FR\",\"@id\":\"https:\/\/arwann.com\/?product=lenvolee-de-verdun-15e#primaryimage\",\"url\":\"https:\/\/arwann.com\/wp-content\/uploads\/2015\/11\/Verdun-Livre1000x1000.png\",\"contentUrl\":\"https:\/\/arwann.com\/wp-content\/uploads\/2015\/11\/Verdun-Livre1000x1000.png\",\"width\":1000,\"height\":1000},{\"@type\":\"BreadcrumbList\",\"@id\":\"https:\/\/arwann.com\/?product=lenvolee-de-verdun-15e#breadcrumb\",\"itemListElement\":[{\"@type\":\"ListItem\",\"position\":1,\"name\":\"Home\",\"item\":\"http:\/\/arwann.com\/\"},{\"@type\":\"ListItem\",\"position\":2,\"name\":\"\u00e9ditions Arwann\",\"item\":\"https:\/\/arwann.com\/?page_id=83\"},{\"@type\":\"ListItem\",\"position\":3,\"name\":\"L&rsquo;Envol\u00e9e de Verdun (15\u20ac)\"}]},{\"@type\":\"WebSite\",\"@id\":\"https:\/\/arwann.com\/#website\",\"url\":\"https:\/\/arwann.com\/\",\"name\":\"Arwann.com\",\"description\":\"\",\"publisher\":{\"@id\":\"https:\/\/arwann.com\/#organization\"},\"potentialAction\":[{\"@type\":\"SearchAction\",\"target\":{\"@type\":\"EntryPoint\",\"urlTemplate\":\"https:\/\/arwann.com\/?s={search_term_string}\"},\"query-input\":{\"@type\":\"PropertyValueSpecification\",\"valueRequired\":true,\"valueName\":\"search_term_string\"}}],\"inLanguage\":\"fr-FR\"},{\"@type\":\"Organization\",\"@id\":\"https:\/\/arwann.com\/#organization\",\"name\":\"Arwann\",\"url\":\"https:\/\/arwann.com\/\",\"logo\":{\"@type\":\"ImageObject\",\"inLanguage\":\"fr-FR\",\"@id\":\"https:\/\/arwann.com\/#\/schema\/logo\/image\/\",\"url\":\"http:\/\/arwann.com\/wp-content\/uploads\/2014\/04\/cropped-bandeau-arwann-5.png\",\"contentUrl\":\"http:\/\/arwann.com\/wp-content\/uploads\/2014\/04\/cropped-bandeau-arwann-5.png\",\"width\":1600,\"height\":230,\"caption\":\"Arwann\"},\"image\":{\"@id\":\"https:\/\/arwann.com\/#\/schema\/logo\/image\/\"}}]}<\/script>\n<!-- \/ Yoast SEO plugin. -->","yoast_head_json":{"title":"L'Envol\u00e9e de Verdun (15\u20ac) -","robots":{"index":"index","follow":"follow","max-snippet":"max-snippet:-1","max-image-preview":"max-image-preview:large","max-video-preview":"max-video-preview:-1"},"canonical":"https:\/\/arwann.com\/?product=lenvolee-de-verdun-15e","og_locale":"fr_FR","og_type":"article","og_title":"L'Envol\u00e9e de Verdun (15\u20ac) -","og_description":"Lien vers une critique du livre Lien vers une autre critique du livre Lien vers une troisi\u00e8me critique du livre R\u00e9sum\u00e9 La troupe qui campe non loin de Verdun va organiser les explorations pour d\u00e9couvrir la bataille \u00e9pouvantable qui s\u2019est d\u00e9roul\u00e9e en ces lieux mais aussi, d\u2019une mani\u00e8re plus large, comprendre la Grande Guerre qui a marqu\u00e9 d\u00e9finitivement la France et son destin. Un curieux compagnon se m\u00eale \u00e0 la patrouille du H\u00e9risson\u2026 mais les scouts sont-ils bien prudents de lui faire confiance ? C\u2019est le doute qui ronge Thierry et Jo\u00ebl du H\u00e9risson lorsque survient, au domaine de Vaudoncourt, un drame familial chez les h\u00f4tes des scouts. Peu \u00e0 peu les scouts en viennent \u00e0 soup\u00e7onner les parvenus de l\u2019abbaye voisine car ils d\u00e9couvrent l\u2019existence de relations ambigu\u00ebs entre les deux domaines. \u00a0Extrait - Faisons le tour, d\u00e9clara Thierry le CP. Je n'ai pas envie de nous donner en spectacle ni de g\u00eaner ces demoiselles.  Suivi par Jo\u00ebl, il obliqua silencieusement pour s'\u00e9carter des deux baigneuses. Soudain il s'arr\u00eata net \u00e0 son tour. Un \u00e9clat de soleil venait de lui frapper le coin de l'\u0153il. Quelque chose de m\u00e9tallique avait boug\u00e9 dans l'herbe non loin de la rive. Sa vieille exp\u00e9rience de pisteur lui soufflait qu'il ne s'agissait pas simplement d'une bo\u00eete de conserve. Sans un mot Jo\u00ebl avait suivi le regard de Thierry et, en m\u00eame temps que son CP, il vit\u2026  - Y a un type qui les espionne, souffla Thierry en s'accroupissant lentement dans l'ombre du bois.  - Oui, je le vois, murmura Jo\u00ebl, qu'est-ce qu'il fait l\u00e0\u00a0? Tu crois que les filles sont en danger\u00a0? \u00a0  Prix: 15\u20ac","og_url":"https:\/\/arwann.com\/?product=lenvolee-de-verdun-15e","article_modified_time":"2023-11-26T17:46:55+00:00","og_image":[{"width":1000,"height":1000,"url":"http:\/\/arwann.com\/wp-content\/uploads\/2015\/11\/Verdun-Livre1000x1000.png","type":"image\/png"}],"schema":{"@context":"https:\/\/schema.org","@graph":[{"@type":"WebPage","@id":"https:\/\/arwann.com\/?product=lenvolee-de-verdun-15e","url":"https:\/\/arwann.com\/?product=lenvolee-de-verdun-15e","name":"L'Envol\u00e9e de Verdun (15\u20ac) -","isPartOf":{"@id":"https:\/\/arwann.com\/#website"},"primaryImageOfPage":{"@id":"https:\/\/arwann.com\/?product=lenvolee-de-verdun-15e#primaryimage"},"image":{"@id":"https:\/\/arwann.com\/?product=lenvolee-de-verdun-15e#primaryimage"},"thumbnailUrl":"https:\/\/arwann.com\/wp-content\/uploads\/2015\/11\/Verdun-Livre1000x1000.png","datePublished":"2015-11-09T16:31:44+00:00","dateModified":"2023-11-26T17:46:55+00:00","breadcrumb":{"@id":"https:\/\/arwann.com\/?product=lenvolee-de-verdun-15e#breadcrumb"},"inLanguage":"fr-FR","potentialAction":[{"@type":"ReadAction","target":["https:\/\/arwann.com\/?product=lenvolee-de-verdun-15e"]}]},{"@type":"ImageObject","inLanguage":"fr-FR","@id":"https:\/\/arwann.com\/?product=lenvolee-de-verdun-15e#primaryimage","url":"https:\/\/arwann.com\/wp-content\/uploads\/2015\/11\/Verdun-Livre1000x1000.png","contentUrl":"https:\/\/arwann.com\/wp-content\/uploads\/2015\/11\/Verdun-Livre1000x1000.png","width":1000,"height":1000},{"@type":"BreadcrumbList","@id":"https:\/\/arwann.com\/?product=lenvolee-de-verdun-15e#breadcrumb","itemListElement":[{"@type":"ListItem","position":1,"name":"Home","item":"http:\/\/arwann.com\/"},{"@type":"ListItem","position":2,"name":"\u00e9ditions Arwann","item":"https:\/\/arwann.com\/?page_id=83"},{"@type":"ListItem","position":3,"name":"L&rsquo;Envol\u00e9e de Verdun (15\u20ac)"}]},{"@type":"WebSite","@id":"https:\/\/arwann.com\/#website","url":"https:\/\/arwann.com\/","name":"Arwann.com","description":"","publisher":{"@id":"https:\/\/arwann.com\/#organization"},"potentialAction":[{"@type":"SearchAction","target":{"@type":"EntryPoint","urlTemplate":"https:\/\/arwann.com\/?s={search_term_string}"},"query-input":{"@type":"PropertyValueSpecification","valueRequired":true,"valueName":"search_term_string"}}],"inLanguage":"fr-FR"},{"@type":"Organization","@id":"https:\/\/arwann.com\/#organization","name":"Arwann","url":"https:\/\/arwann.com\/","logo":{"@type":"ImageObject","inLanguage":"fr-FR","@id":"https:\/\/arwann.com\/#\/schema\/logo\/image\/","url":"http:\/\/arwann.com\/wp-content\/uploads\/2014\/04\/cropped-bandeau-arwann-5.png","contentUrl":"http:\/\/arwann.com\/wp-content\/uploads\/2014\/04\/cropped-bandeau-arwann-5.png","width":1600,"height":230,"caption":"Arwann"},"image":{"@id":"https:\/\/arwann.com\/#\/schema\/logo\/image\/"}}]}},"_links":{"self":[{"href":"https:\/\/arwann.com\/index.php?rest_route=\/wp\/v2\/product\/2926","targetHints":{"allow":["GET"]}}],"collection":[{"href":"https:\/\/arwann.com\/index.php?rest_route=\/wp\/v2\/product"}],"about":[{"href":"https:\/\/arwann.com\/index.php?rest_route=\/wp\/v2\/types\/product"}],"replies":[{"embeddable":true,"href":"https:\/\/arwann.com\/index.php?rest_route=%2Fwp%2Fv2%2Fcomments&post=2926"}],"wp:featuredmedia":[{"embeddable":true,"href":"https:\/\/arwann.com\/index.php?rest_route=\/wp\/v2\/media\/2931"}],"wp:attachment":[{"href":"https:\/\/arwann.com\/index.php?rest_route=%2Fwp%2Fv2%2Fmedia&parent=2926"}],"wp:term":[{"taxonomy":"product_brand","embeddable":true,"href":"https:\/\/arwann.com\/index.php?rest_route=%2Fwp%2Fv2%2Fproduct_brand&post=2926"},{"taxonomy":"product_cat","embeddable":true,"href":"https:\/\/arwann.com\/index.php?rest_route=%2Fwp%2Fv2%2Fproduct_cat&post=2926"},{"taxonomy":"product_tag","embeddable":true,"href":"https:\/\/arwann.com\/index.php?rest_route=%2Fwp%2Fv2%2Fproduct_tag&post=2926"}],"curies":[{"name":"wp","href":"https:\/\/api.w.org\/{rel}","templated":true}]}}