{"id":1468,"date":"2014-06-03T14:13:00","date_gmt":"2014-06-03T13:13:00","guid":{"rendered":"http:\/\/arwann.com\/?page_id=1468"},"modified":"2014-06-03T14:30:59","modified_gmt":"2014-06-03T13:30:59","slug":"pratique-religieuse-au-camp","status":"publish","type":"page","link":"http:\/\/arwann.com\/?page_id=1468","title":{"rendered":"La pratique religieuse au camp"},"content":{"rendered":"<p style=\"text-align: justify;\"><a href=\"http:\/\/arwann.com\/wp-content\/uploads\/2014\/04\/baden_powell_portrait-Copie.png\"><img loading=\"lazy\" decoding=\"async\" class=\"alignright wp-image-601\" src=\"http:\/\/arwann.com\/wp-content\/uploads\/2014\/04\/baden_powell_portrait-Copie.png\" alt=\"baden_powell_portrait - Copie\" width=\"200\" height=\"200\" srcset=\"http:\/\/arwann.com\/wp-content\/uploads\/2014\/04\/baden_powell_portrait-Copie.png 400w, http:\/\/arwann.com\/wp-content\/uploads\/2014\/04\/baden_powell_portrait-Copie-200x200.png 200w, http:\/\/arwann.com\/wp-content\/uploads\/2014\/04\/baden_powell_portrait-Copie-100x100.png 100w, http:\/\/arwann.com\/wp-content\/uploads\/2014\/04\/baden_powell_portrait-Copie-300x300.png 300w, http:\/\/arwann.com\/wp-content\/uploads\/2014\/04\/baden_powell_portrait-Copie-150x150.png 150w\" sizes=\"auto, (max-width: 200px) 100vw, 200px\" \/><\/a><a name=\"Haut\"><\/a>Par Ourson.<\/p>\n<p style=\"text-align: justify;\"><em>\u00ab\u00a0Le scout est fier de sa foi et lui soumet toute sa vie.\u00a0\u00bb<\/em><\/p>\n<p style=\"text-align: justify;\">Lorsqu\u2019un novice arrive \u00e0 la troupe, cela fait partie des premi\u00e8res choses qu\u2019on lui apprend, c\u2019est le premier principe, que personne ne contredira.<\/p>\n<p style=\"text-align: justify;\"><a href=\"http:\/\/arwann.com\/wp-content\/uploads\/2014\/06\/marie.png\"><img loading=\"lazy\" decoding=\"async\" class=\"alignleft wp-image-1474 size-medium\" src=\"http:\/\/arwann.com\/wp-content\/uploads\/2014\/06\/marie-300x295.png\" alt=\"marie\" width=\"300\" height=\"295\" srcset=\"http:\/\/arwann.com\/wp-content\/uploads\/2014\/06\/marie-300x295.png 300w, http:\/\/arwann.com\/wp-content\/uploads\/2014\/06\/marie-1024x1008.png 1024w, http:\/\/arwann.com\/wp-content\/uploads\/2014\/06\/marie.png 1157w\" sizes=\"auto, (max-width: 300px) 100vw, 300px\" \/><\/a>Il \u00e9limine d\u2019embl\u00e9e une esp\u00e8ce de catholiques, inconnue chez les scouts je l\u2019esp\u00e8re, qui estiment que la Messe du dimanche est suffisante pour le salut et qui se contentent d\u2019\u00eatre \u00ab\u00a0catholiques \u00e0 l\u2019\u00e9glise\u00a0\u00bb tout en se contentant de vivre \u00e0 l\u2019ext\u00e9rieur comme n\u2019importe quel incroyant. Non. Le scout est fier de sa foi et lui soumet toute sa vie. Mais comment parvenir \u00e0 ce que la foi impr\u00e8gne toute l\u2019existence, devienne une seconde nature, sans se satisfaire d\u2019un simple vernis de pi\u00e9t\u00e9 appliqu\u00e9 lors du camp\u00a0? Vernis bien beau, brillant, mais qui craqu\u00e8le bien vite\u2026<\/p>\n<p style=\"text-align: justify;\">D\u00e9j\u00e0, si toi, chef, tu es convaincu de ta foi, tu en vis, tes jeunes le sentiront. Rien ne parle mieux que l\u2019exemple vivant. S\u2019ils sentent que pour toi, c\u2019est important, que tu mets en pratique ce que tu exiges d\u2019eux, d\u00e9j\u00e0, la premi\u00e8re manche est gagn\u00e9e.<\/p>\n<p style=\"text-align: justify;\">Plus concr\u00e8tement, comment organiser ton camp en y int\u00e9grant la vie de pri\u00e8re sans que cela p\u00e8se et devienne p\u00e9nible\u00a0?<\/p>\n<p style=\"text-align: justify;\">Parce que le but est bien d\u2019arriver \u00e0 une spontan\u00e9it\u00e9 dans la vie de pri\u00e8re. Que le scout puisse facilement reproduire ce qu\u2019il a v\u00e9cu en camp, m\u00eame lorsqu\u2019il se retrouve seul apr\u00e8s en p\u00e9riode scolaire. Le grand danger serait de vouloir faire du \u00ab\u00a0dressage d\u2019automate\u00a0\u00bb\u00a0: oui, on aura des scouts impeccables qui r\u00e9citent le chapelet \u00e0 genoux tous les jours mais une fois sortis du cadre \u00ab\u00a0camp\u00a0\u00bb, ils l\u00e2cheront tout parce que ces pratiques leur auront \u00e9t\u00e9 impos\u00e9es. En quoi \u00e9duque-t-on la libert\u00e9 de l\u2019enfant\u00a0? Une fois seul, il ne sera pas capable de choisir la bonne solution puisqu\u2019il n\u2019aura plus les garde-fous charg\u00e9s de le guider.<\/p>\n<p style=\"text-align: justify;\">Voici une journ\u00e9e \u2026 100% v\u00e9cue. Ce sont des exemples que j\u2019ai exp\u00e9riment\u00e9s. On peut en retenir l\u2019esprit et trouver mille autres organisations.<\/p>\n<p style=\"text-align: justify;\">La totoche du r\u00e9veil sonne. On fait la pri\u00e8re du matin en patrouille, pourquoi pas avec la 1<sup>\u00e8re<\/sup> dizaine du chapelet d\u00e9j\u00e0\u00a0? On peut cibler les intentions propres \u00e0 la patrouille, ou tel effort\u2026 Lors du rassemblement, le CT lance la pri\u00e8re de troupe\u00a0: l\u2019hommage de la troupe r\u00e9unie au Bon Dieu qui octroie une nouvelle journ\u00e9e. La pri\u00e8re scoute, chant\u00e9e vigoureusement (car c\u2019est une pri\u00e8re de soldat) et au toujours pr\u00eat peut suffire. Arrive le PDDM. Le b\u00e9n\u00e9dicit\u00e9 et les gr\u00e2ces encadrent le repas, on les chante, c\u2019est alerte mais digne et cela conf\u00e8re une certaine tenue au repas. Je parlerai ici de l\u2019Ang\u00e9lus. C\u2019est une bonne habitude \u00e0 prendre, recommand\u00e9e par l\u2019Eglise, que de le r\u00e9citer 3 fois par jour, pour honorer l\u2019Incarnation r\u00e9demptrice. On peut le r\u00e9citer ou le chanter avant le b\u00e9n\u00e9dicit\u00e9. Pourquoi pas donner un coup de totoche \u00e0 l\u2019heure de midi et les scouts le r\u00e9citent l\u00e0 o\u00f9 ils sont, comme ils sont, \u00e0 2, 3\u2026\u00a0? Nos anc\u00eatres faisaient bien ainsi.<\/p>\n<p style=\"text-align: justify;\">Le chapelet. Plut\u00f4t que de se bloquer 20 minutes pour le r\u00e9citer en troupe en grand uniforme\u2026 chose qui ne se retrouve pas dans la vie courante, pourquoi ne pas donner l\u2019habitude de le r\u00e9citer en patrouille au cours des activit\u00e9s\u00a0? C\u2019est facile pendant une marche, pendant la vaisselle (ainsi on tient compagnie \u00e0 ceux qui la font) pendant un service d\u2019eau, de bois, que sais-je\u00a0?<\/p>\n<p style=\"text-align: justify;\"><a href=\"http:\/\/arwann.com\/wp-content\/uploads\/2014\/06\/fr-joubert-suchard-messe.png\"><img loading=\"lazy\" decoding=\"async\" class=\"alignright wp-image-1473 size-full\" src=\"http:\/\/arwann.com\/wp-content\/uploads\/2014\/06\/fr-joubert-suchard-messe.png\" alt=\"fr-joubert-suchard-messe\" width=\"298\" height=\"421\" srcset=\"http:\/\/arwann.com\/wp-content\/uploads\/2014\/06\/fr-joubert-suchard-messe.png 298w, http:\/\/arwann.com\/wp-content\/uploads\/2014\/06\/fr-joubert-suchard-messe-212x300.png 212w\" sizes=\"auto, (max-width: 298px) 100vw, 298px\" \/><\/a>La Messe. Certaines unit\u00e9s ont la chance de disposer d\u2019un aum\u00f4nier pour toute la dur\u00e9e du camp. Tr\u00e8s bien, d\u2019autant plus lorsque l\u2019aum\u00f4nier est lui-m\u00eame ancien scout et qu\u2019il vit comme la troupe l\u2019aventure du camp. Faut-il pour autant imposer l\u2019assistance \u00e0 la Messe tous les jours \u00e0 tous les scouts\u00a0? Il n\u2019y a gu\u00e8re que les \u00e2mes consacr\u00e9es et ceux qui suivent une retraite spirituelle qui y soient tenus\u2026 Mais de jeunes\u00a0? Il y a de grandes chances de les rebuter, voire de les d\u00e9go\u00fbter. \u00ab\u00a0La gr\u00e2ce de Dieu agit quand m\u00eame\u00a0\u00bb, vous dira-t-on. Oui, la gr\u00e2ce de Dieu est toute-puissante, mais elle ne brusque pas la libert\u00e9, elle ne force pas une nature mal dispos\u00e9e. C\u2019est la parabole du semeur, qui s\u00e8me son grain sur diff\u00e9rents terrains.<\/p>\n<p style=\"text-align: justify;\">Encourager, faciliter l\u2019assistance \u00e0 la Messe. Montrer l\u2019exemple en tant que chefs (j\u2019ai connu des chefs qui exigeaient de leurs scouts la pr\u00e9sence quotidienne \u00e0 la Messe sans y \u00eatre pr\u00e9sents eux-m\u00eames). Que la Messe n\u2019alourdisse pas le programme de camp, ne freine pas les activit\u00e9s. J\u2019ai essay\u00e9 une Messe \u00e0 11h30 (ce qui permet de respecter le je\u00fbne eucharistique), il y a un scout au moins qui reste pour pr\u00e9parer le repas. C\u2019est de toute fa\u00e7on l\u2019heure \u00e0 laquelle les activit\u00e9s ralentissent puisqu\u2019on distribue l\u2019intendance \u00e0 ce moment. S\u2019il faut choisir entre Messe et grand-jeu, le grand-jeu prime. On est en camp scout, pas en retraite spirituelle.<\/p>\n<p style=\"text-align: justify;\">La pri\u00e8re du soir enfin. L\u2019action de gr\u00e2ce et l\u2019examen de conscience trouvent tout naturellement leur place en fin de veill\u00e9e.<\/p>\n<p style=\"text-align: justify;\">\u00a0<a href=\"http:\/\/arwann.com\/wp-content\/uploads\/2014\/06\/croix.png\"><img loading=\"lazy\" decoding=\"async\" class=\"alignleft wp-image-1472 size-medium\" src=\"http:\/\/arwann.com\/wp-content\/uploads\/2014\/06\/croix-261x300.png\" alt=\"croix\" width=\"261\" height=\"300\" srcset=\"http:\/\/arwann.com\/wp-content\/uploads\/2014\/06\/croix-261x300.png 261w, http:\/\/arwann.com\/wp-content\/uploads\/2014\/06\/croix-300x344.png 300w, http:\/\/arwann.com\/wp-content\/uploads\/2014\/06\/croix.png 803w\" sizes=\"auto, (max-width: 261px) 100vw, 261px\" \/><\/a>Se dire et se redire que le camp, sans \u00eatre une retraite d\u2019exercices spirituels, permet \u00e0 la vie int\u00e9rieure de s\u2019\u00e9panouir. On ne met pas de c\u00f4t\u00e9 la pri\u00e8re, on en vit comme on en vit tous les jours de l\u2019existence, sans forcer, sans chercher \u00e0 dresser l\u2019automate mais en formant la libert\u00e9. L\u2019avantage de pr\u00e9senter cette pratique religieuse comme facile et naturelle, c\u2019est que les scouts seront bien dispos\u00e9s, et une fois seuls, reproduiront plus spontan\u00e9ment ce qu\u2019ils auront mis en pratique durant le camp.<\/p>\n<p style=\"text-align: justify;\"><a href=\"#Haut\">Retour en haut<\/a><br \/>\n<em>page pr\u00e9c\u00e9dente : <\/em><br \/>\n<em>page suivante : <a title=\"Les techniques de discipline\" href=\"http:\/\/arwann.com\/?page_id=1376\">techniques de discipline<\/a><\/em><\/p>\n","protected":false},"excerpt":{"rendered":"<p>Par Ourson. \u00ab\u00a0Le scout est fier de sa foi et lui soumet toute sa vie.\u00a0\u00bb Lorsqu\u2019un novice arrive \u00e0 la troupe, cela fait partie des premi\u00e8res choses qu\u2019on lui apprend, c\u2019est le premier principe, que personne ne contredira. Il \u00e9limine d\u2019embl\u00e9e une esp\u00e8ce de catholiques, inconnue chez les scouts je l\u2019esp\u00e8re, qui estiment que la &hellip; <a href=\"http:\/\/arwann.com\/?page_id=1468\" class=\"more-link\">Continuer la lecture de <span class=\"screen-reader-text\">La pratique religieuse au camp<\/span> <span class=\"meta-nav\">&rarr;<\/span><\/a><\/p>\n","protected":false},"author":1,"featured_media":0,"parent":1185,"menu_order":0,"comment_status":"open","ping_status":"open","template":"","meta":{"footnotes":""},"class_list":["post-1468","page","type-page","status-publish","hentry"],"yoast_head":"<!-- This site is optimized with the Yoast SEO plugin v27.2 - https:\/\/yoast.com\/product\/yoast-seo-wordpress\/ -->\n<title>La pratique religieuse au camp -<\/title>\n<meta name=\"description\" content=\"La pratique religieuse au camp, la place de la messe, la place des pri\u00e8res...\" \/>\n<meta name=\"robots\" content=\"index, follow, max-snippet:-1, max-image-preview:large, max-video-preview:-1\" \/>\n<link rel=\"canonical\" href=\"http:\/\/arwann.com\/?page_id=1468\" \/>\n<meta property=\"og:locale\" content=\"fr_FR\" \/>\n<meta property=\"og:type\" content=\"article\" \/>\n<meta property=\"og:title\" content=\"La pratique religieuse au camp -\" \/>\n<meta property=\"og:description\" content=\"La pratique religieuse au camp, la place de la messe, la place des pri\u00e8res...\" \/>\n<meta property=\"og:url\" content=\"http:\/\/arwann.com\/?page_id=1468\" \/>\n<meta property=\"article:modified_time\" content=\"2014-06-03T13:30:59+00:00\" \/>\n<meta property=\"og:image\" content=\"http:\/\/arwann.com\/wp-content\/uploads\/2014\/04\/baden_powell_portrait-Copie.png\" \/>\n<meta name=\"twitter:label1\" content=\"Dur\u00e9e de lecture estim\u00e9e\" \/>\n\t<meta name=\"twitter:data1\" content=\"5 minutes\" \/>\n<script type=\"application\/ld+json\" class=\"yoast-schema-graph\">{\"@context\":\"https:\/\/schema.org\",\"@graph\":[{\"@type\":\"WebPage\",\"@id\":\"http:\/\/arwann.com\/?page_id=1468\",\"url\":\"http:\/\/arwann.com\/?page_id=1468\",\"name\":\"La pratique religieuse au camp -\",\"isPartOf\":{\"@id\":\"http:\/\/arwann.com\/#website\"},\"primaryImageOfPage\":{\"@id\":\"http:\/\/arwann.com\/?page_id=1468#primaryimage\"},\"image\":{\"@id\":\"http:\/\/arwann.com\/?page_id=1468#primaryimage\"},\"thumbnailUrl\":\"http:\/\/arwann.com\/wp-content\/uploads\/2014\/04\/baden_powell_portrait-Copie.png\",\"datePublished\":\"2014-06-03T13:13:00+00:00\",\"dateModified\":\"2014-06-03T13:30:59+00:00\",\"description\":\"La pratique religieuse au camp, la place de la messe, la place des pri\u00e8res...\",\"breadcrumb\":{\"@id\":\"http:\/\/arwann.com\/?page_id=1468#breadcrumb\"},\"inLanguage\":\"fr-FR\",\"potentialAction\":[{\"@type\":\"ReadAction\",\"target\":[\"http:\/\/arwann.com\/?page_id=1468\"]}]},{\"@type\":\"ImageObject\",\"inLanguage\":\"fr-FR\",\"@id\":\"http:\/\/arwann.com\/?page_id=1468#primaryimage\",\"url\":\"http:\/\/arwann.com\/wp-content\/uploads\/2014\/04\/baden_powell_portrait-Copie.png\",\"contentUrl\":\"http:\/\/arwann.com\/wp-content\/uploads\/2014\/04\/baden_powell_portrait-Copie.png\",\"width\":400,\"height\":400},{\"@type\":\"BreadcrumbList\",\"@id\":\"http:\/\/arwann.com\/?page_id=1468#breadcrumb\",\"itemListElement\":[{\"@type\":\"ListItem\",\"position\":1,\"name\":\"Home\",\"item\":\"http:\/\/arwann.com\/\"},{\"@type\":\"ListItem\",\"position\":2,\"name\":\"Le Kr\u00e2al\",\"item\":\"http:\/\/arwann.com\/?page_id=33\"},{\"@type\":\"ListItem\",\"position\":3,\"name\":\"Diriger son unit\u00e9\",\"item\":\"http:\/\/arwann.com\/?page_id=1185\"},{\"@type\":\"ListItem\",\"position\":4,\"name\":\"La pratique religieuse au camp\"}]},{\"@type\":\"WebSite\",\"@id\":\"http:\/\/arwann.com\/#website\",\"url\":\"http:\/\/arwann.com\/\",\"name\":\"Arwann.com\",\"description\":\"\",\"publisher\":{\"@id\":\"http:\/\/arwann.com\/#organization\"},\"potentialAction\":[{\"@type\":\"SearchAction\",\"target\":{\"@type\":\"EntryPoint\",\"urlTemplate\":\"http:\/\/arwann.com\/?s={search_term_string}\"},\"query-input\":{\"@type\":\"PropertyValueSpecification\",\"valueRequired\":true,\"valueName\":\"search_term_string\"}}],\"inLanguage\":\"fr-FR\"},{\"@type\":\"Organization\",\"@id\":\"http:\/\/arwann.com\/#organization\",\"name\":\"Arwann\",\"url\":\"http:\/\/arwann.com\/\",\"logo\":{\"@type\":\"ImageObject\",\"inLanguage\":\"fr-FR\",\"@id\":\"http:\/\/arwann.com\/#\/schema\/logo\/image\/\",\"url\":\"http:\/\/arwann.com\/wp-content\/uploads\/2014\/04\/cropped-bandeau-arwann-5.png\",\"contentUrl\":\"http:\/\/arwann.com\/wp-content\/uploads\/2014\/04\/cropped-bandeau-arwann-5.png\",\"width\":1600,\"height\":230,\"caption\":\"Arwann\"},\"image\":{\"@id\":\"http:\/\/arwann.com\/#\/schema\/logo\/image\/\"}}]}<\/script>\n<!-- \/ Yoast SEO plugin. -->","yoast_head_json":{"title":"La pratique religieuse au camp -","description":"La pratique religieuse au camp, la place de la messe, la place des pri\u00e8res...","robots":{"index":"index","follow":"follow","max-snippet":"max-snippet:-1","max-image-preview":"max-image-preview:large","max-video-preview":"max-video-preview:-1"},"canonical":"http:\/\/arwann.com\/?page_id=1468","og_locale":"fr_FR","og_type":"article","og_title":"La pratique religieuse au camp -","og_description":"La pratique religieuse au camp, la place de la messe, la place des pri\u00e8res...","og_url":"http:\/\/arwann.com\/?page_id=1468","article_modified_time":"2014-06-03T13:30:59+00:00","og_image":[{"url":"http:\/\/arwann.com\/wp-content\/uploads\/2014\/04\/baden_powell_portrait-Copie.png","type":"","width":"","height":""}],"twitter_misc":{"Dur\u00e9e de lecture estim\u00e9e":"5 minutes"},"schema":{"@context":"https:\/\/schema.org","@graph":[{"@type":"WebPage","@id":"http:\/\/arwann.com\/?page_id=1468","url":"http:\/\/arwann.com\/?page_id=1468","name":"La pratique religieuse au camp -","isPartOf":{"@id":"http:\/\/arwann.com\/#website"},"primaryImageOfPage":{"@id":"http:\/\/arwann.com\/?page_id=1468#primaryimage"},"image":{"@id":"http:\/\/arwann.com\/?page_id=1468#primaryimage"},"thumbnailUrl":"http:\/\/arwann.com\/wp-content\/uploads\/2014\/04\/baden_powell_portrait-Copie.png","datePublished":"2014-06-03T13:13:00+00:00","dateModified":"2014-06-03T13:30:59+00:00","description":"La pratique religieuse au camp, la place de la messe, la place des pri\u00e8res...","breadcrumb":{"@id":"http:\/\/arwann.com\/?page_id=1468#breadcrumb"},"inLanguage":"fr-FR","potentialAction":[{"@type":"ReadAction","target":["http:\/\/arwann.com\/?page_id=1468"]}]},{"@type":"ImageObject","inLanguage":"fr-FR","@id":"http:\/\/arwann.com\/?page_id=1468#primaryimage","url":"http:\/\/arwann.com\/wp-content\/uploads\/2014\/04\/baden_powell_portrait-Copie.png","contentUrl":"http:\/\/arwann.com\/wp-content\/uploads\/2014\/04\/baden_powell_portrait-Copie.png","width":400,"height":400},{"@type":"BreadcrumbList","@id":"http:\/\/arwann.com\/?page_id=1468#breadcrumb","itemListElement":[{"@type":"ListItem","position":1,"name":"Home","item":"http:\/\/arwann.com\/"},{"@type":"ListItem","position":2,"name":"Le Kr\u00e2al","item":"http:\/\/arwann.com\/?page_id=33"},{"@type":"ListItem","position":3,"name":"Diriger son unit\u00e9","item":"http:\/\/arwann.com\/?page_id=1185"},{"@type":"ListItem","position":4,"name":"La pratique religieuse au camp"}]},{"@type":"WebSite","@id":"http:\/\/arwann.com\/#website","url":"http:\/\/arwann.com\/","name":"Arwann.com","description":"","publisher":{"@id":"http:\/\/arwann.com\/#organization"},"potentialAction":[{"@type":"SearchAction","target":{"@type":"EntryPoint","urlTemplate":"http:\/\/arwann.com\/?s={search_term_string}"},"query-input":{"@type":"PropertyValueSpecification","valueRequired":true,"valueName":"search_term_string"}}],"inLanguage":"fr-FR"},{"@type":"Organization","@id":"http:\/\/arwann.com\/#organization","name":"Arwann","url":"http:\/\/arwann.com\/","logo":{"@type":"ImageObject","inLanguage":"fr-FR","@id":"http:\/\/arwann.com\/#\/schema\/logo\/image\/","url":"http:\/\/arwann.com\/wp-content\/uploads\/2014\/04\/cropped-bandeau-arwann-5.png","contentUrl":"http:\/\/arwann.com\/wp-content\/uploads\/2014\/04\/cropped-bandeau-arwann-5.png","width":1600,"height":230,"caption":"Arwann"},"image":{"@id":"http:\/\/arwann.com\/#\/schema\/logo\/image\/"}}]}},"_links":{"self":[{"href":"http:\/\/arwann.com\/index.php?rest_route=\/wp\/v2\/pages\/1468","targetHints":{"allow":["GET"]}}],"collection":[{"href":"http:\/\/arwann.com\/index.php?rest_route=\/wp\/v2\/pages"}],"about":[{"href":"http:\/\/arwann.com\/index.php?rest_route=\/wp\/v2\/types\/page"}],"author":[{"embeddable":true,"href":"http:\/\/arwann.com\/index.php?rest_route=\/wp\/v2\/users\/1"}],"replies":[{"embeddable":true,"href":"http:\/\/arwann.com\/index.php?rest_route=%2Fwp%2Fv2%2Fcomments&post=1468"}],"version-history":[{"count":6,"href":"http:\/\/arwann.com\/index.php?rest_route=\/wp\/v2\/pages\/1468\/revisions"}],"predecessor-version":[{"id":1481,"href":"http:\/\/arwann.com\/index.php?rest_route=\/wp\/v2\/pages\/1468\/revisions\/1481"}],"up":[{"embeddable":true,"href":"http:\/\/arwann.com\/index.php?rest_route=\/wp\/v2\/pages\/1185"}],"wp:attachment":[{"href":"http:\/\/arwann.com\/index.php?rest_route=%2Fwp%2Fv2%2Fmedia&parent=1468"}],"curies":[{"name":"wp","href":"https:\/\/api.w.org\/{rel}","templated":true}]}}