{"id":1398,"date":"2014-05-26T15:09:43","date_gmt":"2014-05-26T14:09:43","guid":{"rendered":"http:\/\/arwann.com\/?page_id=1398"},"modified":"2015-04-02T21:27:13","modified_gmt":"2015-04-02T20:27:13","slug":"ordre-cohesion","status":"publish","type":"page","link":"http:\/\/arwann.com\/?page_id=1398","title":{"rendered":"Ordre et coh\u00e9sion"},"content":{"rendered":"<p style=\"text-align: justify;\"><a href=\"http:\/\/arwann.com\/wp-content\/uploads\/2014\/04\/bouton-scout.png\"><img loading=\"lazy\" decoding=\"async\" class=\"alignright wp-image-892\" src=\"http:\/\/arwann.com\/wp-content\/uploads\/2014\/04\/bouton-scout.png\" alt=\"bouton scout\" width=\"200\" height=\"200\" srcset=\"http:\/\/arwann.com\/wp-content\/uploads\/2014\/04\/bouton-scout.png 400w, http:\/\/arwann.com\/wp-content\/uploads\/2014\/04\/bouton-scout-200x200.png 200w, http:\/\/arwann.com\/wp-content\/uploads\/2014\/04\/bouton-scout-100x100.png 100w, http:\/\/arwann.com\/wp-content\/uploads\/2014\/04\/bouton-scout-300x300.png 300w, http:\/\/arwann.com\/wp-content\/uploads\/2014\/04\/bouton-scout-150x150.png 150w\" sizes=\"auto, (max-width: 200px) 100vw, 200px\" \/><\/a><strong><a name=\"Haut\"><\/a><span style=\"color: #000080;\">Par Lama.<\/span><\/strong><\/p>\n<p style=\"text-align: justify;\"><span style=\"font-family: 'Arial','sans-serif';\"><a href=\"#rasso\">Rassemblements<\/a><br \/>\n<a href=\"#unif\">Uniforme<\/a><br \/>\n<a href=\"#couleurs\">Couleurs<\/a><br \/>\n<a href=\"#inspections\">Inspections<\/a><br \/>\n<a href=\"#saluts\">Saluts<\/a><\/span><\/p>\n<h2 style=\"text-align: justify;\"><span style=\"color: #000080;\"><strong>LES <\/strong><strong><a style=\"color: #000080;\" name=\"rasso\"><\/a>RASSEMBLEMENTS<\/strong><\/span><\/h2>\n<p style=\"text-align: justify;\">Parmi les us et coutumes des scouts on trouve les rassemblements. Pour un n\u00e9ophyte, ces esp\u00e8ces de gaillards qui d\u00e9boulent et qui beuglent c&rsquo;est assez d\u00e9routant. \u00c7a fait partie depuis longtemps du folklore scout mais regardons-y de plus pr\u00e8s. Les militaires mis \u00e0 part, qui est maintenant capable de se rassembler avec un peu de discipline ? Malheureusement plus personne. De nos jours il y bien des rassemblements mais ce sont des rassemblements de type b\u00e9tail, des rassemblements de masse qu&rsquo;on canalise. Nous pensons aux matches de sport, aux concerts, aux diff\u00e9rentes manifestations religieuses de masse. Mais presque plus nous ne voyons des rassemblements qui mettent en valeur la structure du groupe. Chez les scouts chacun se range sous le fanion de la patrouille brandie par le CP et les patrouilles se rangent \u00e0 leur tour sous l&rsquo;autorit\u00e9 du chef d&rsquo;unit\u00e9.<\/p>\n<h3 style=\"text-align: justify;\"><span style=\"color: #000080;\"><strong>Principe d\u2019autorit\u00e9<\/strong><\/span><\/h3>\n<p style=\"text-align: justify;\">Le rassemblement est donc <strong>l&rsquo;expression affich\u00e9e du principe d&rsquo;autorit\u00e9<\/strong>. L&rsquo;homme qui vit en soci\u00e9t\u00e9 a besoin d&rsquo;un chef. C&rsquo;est le mode d&#8217;emploi de l&rsquo;homme qui veut \u00e7a, on ne peut pas le changer. Et plus la soci\u00e9t\u00e9 est organis\u00e9e autour de chefs, plus elle est forte. Ob\u00e9ir \u00e0 un chef c&rsquo;est un devoir d&rsquo;\u00e9tat, \u00e7a fait bien fonctionner le groupe et le groupe qui fonctionne correctement procure des bienfaits \u00e0 ses membres. C&rsquo;est Dieu qui nous donne le chef et on peut dire que tout chef, m\u00eame le mauvais chef, utilise ce pouvoir particulier que Dieu a voulu pour les hommes : l&rsquo;autorit\u00e9.<\/p>\n<p style=\"text-align: justify;\">Donc le rassemblement ce n&rsquo;est pas que du folklore, c\u2019est en permanence affirmer et afficher ce principe d&rsquo;autorit\u00e9. Bien utilis\u00e9e, l\u2019autorit\u00e9 ordinaire produit la bonne marche du groupe. On se rassemble en g\u00e9n\u00e9ral pour que le chef donne des consignes et aussi pour marquer le d\u00e9but ou la fin d&rsquo;une action.<\/p>\n<h3 style=\"text-align: justify;\"><span style=\"color: #000080;\"><strong>Adh\u00e9sion<\/strong><\/span><\/h3>\n<p style=\"text-align: justify;\">La bonne attitude lors d\u2019un rassemblement c&rsquo;est donc avant tout <strong>l&#8217;empressement<\/strong>. 1\u00b0 Pour marquer le principe d&rsquo;autorit\u00e9, 2\u00b0 Pour ne pas retarder l\u2019ensemble du groupe. Ensuite, une fois les beuglantes pouss\u00e9es, ce sera le <strong>silence<\/strong> car la parole appartient d\u00e9sormais au chef. Le cri de patrouille poss\u00e8de une r\u00e9elle utilit\u00e9, \u00e7a sert \u00e0 l\u00e2cher d&rsquo;un coup tout le bruit qu&rsquo;on aurait eu envie de faire avec sa bouche et sa cervelle pour \u00eatre capable de se taire tout le temps que parle le chef.<\/p>\n<p style=\"text-align: justify;\">La tenue est importante, le principe d&rsquo;autorit\u00e9 veut qu&rsquo;on se mette au service du chef pr\u00eat \u00e0 agir. La tenue sera toujours dynamique. On respectera les deux \u00e9tats : le \u00ab\u00a0pr\u00eat\u00a0\u00bb et le repos.<\/p>\n<p style=\"text-align: justify;\"><span style=\"color: #000080;\"><strong>&#8211; Le Pr\u00eat<\/strong><\/span><strong><span style=\"color: #000080;\">\u00a0<\/span>\u00a0\u00a0 <\/strong>C&rsquo;est droit comme un i, le menton en l&rsquo;air et les bras tendu le long du corps : attitude d&rsquo;ob\u00e9issance active et d\u2019\u00e9nergie contenue.<\/p>\n<p style=\"text-align: justify;\"><span style=\"color: #000080;\"><strong>&#8211; Le Repos<\/strong><\/span> C&rsquo;est les jambes l\u00e9g\u00e8rement \u00e9cart\u00e9es et les mains dans le dos ou au ceinturon : attitude r\u00e9ceptive, corps au repos pour mettre l\u2019intelligence en \u00e9veil. Si le rassemblement est en uniforme on veillera \u00e0 ce qu\u2019il soit port\u00e9 enti\u00e8rement et correctement.<\/p>\n<p style=\"text-align: justify;\">Normalement le rassemblement se termine par un \u00ab\u00a0pr\u00eat\u00a0\u00bb. La dislocation doit \u00eatre aussi dynamique que la formation : pas de pieds qui tra\u00eenent ou de mains dans les poches. Pas de types qui r\u00e2lent ou raillent. Dans tous les cas on doit manifester de la joie pour la bonne nouvelle annonc\u00e9e, de la nouvelle action qui d\u00e9bute, de celle qui vient de se terminer, des consignes claires re\u00e7ues etc.<\/p>\n<p style=\"text-align: justify;\">M\u00eame si le chef n&rsquo;a pas annonc\u00e9 des r\u00e9jouissances, m\u00eame si c&rsquo;est plut\u00f4t une corv\u00e9e qui se pr\u00e9sente on fera contre mauvaise fortune bon c\u0153ur et on se r\u00e9jouira dans cette (petite) \u00e9preuve d&rsquo;avoir tout de m\u00eame un bon chef qui sait d\u00e9cider et un groupe solide qui sait ob\u00e9ir et assurer dans tous les cas.<\/p>\n<h3 style=\"text-align: justify;\"><span style=\"color: #000080;\"><strong>La forme<\/strong><\/span><\/h3>\n<p style=\"text-align: justify;\">Il existe plusieurs types de rassemblement. Le traditionnel carr\u00e9 que chacun essayera de bien former. Mais aussi dans les lieux exigus on peut se rassembler en colonnes. Attention, dans ce cas et s&rsquo;il y a des p\u00e9kins, on ne pousse pas le cri de patrouille : la mise au pr\u00eat se fait au geste du chef et de mani\u00e8re silencieuse. Si le chef doit parler et bien se faire comprendre, il aura int\u00e9r\u00eat \u00e0 contourner le groupe rassembl\u00e9 dont tous les \u00e9l\u00e9ments se seront retourn\u00e9s pour avoir devant lui les culs de pat et les CP \u00e0 l&rsquo;arri\u00e8re-plan.<\/p>\n<p style=\"text-align: justify;\"><a href=\"http:\/\/arwann.com\/wp-content\/uploads\/2014\/05\/rasso1.png\"><img loading=\"lazy\" decoding=\"async\" class=\"aligncenter wp-image-1383 size-medium\" src=\"http:\/\/arwann.com\/wp-content\/uploads\/2014\/05\/rasso1-300x201.png\" alt=\"rasso1\" width=\"300\" height=\"201\" srcset=\"http:\/\/arwann.com\/wp-content\/uploads\/2014\/05\/rasso1-300x201.png 300w, http:\/\/arwann.com\/wp-content\/uploads\/2014\/05\/rasso1.png 798w\" sizes=\"auto, (max-width: 300px) 100vw, 300px\" \/><\/a><\/p>\n<p style=\"text-align: justify;\">Il est toujours tentant pour les scouts, lorsque r\u00e8gne la bonne humeur de fomenter un petit chahut \u00e0 l&rsquo;occasion d&rsquo;un rassemblement. On lance des blagues. Attention \u00e0 bien marquer la limite entre rigolade et d\u00e9nigrement de l&rsquo;autorit\u00e9. Si le chef laisse faire n&rsquo;abusons pas de la situation. Mais s&rsquo;il estime qu&rsquo;il faut revenir \u00e0 l&rsquo;ordre plus rigoureux du rassemblement alors il faut s&rsquo;y conformer sans r\u00e9plique.<\/p>\n<p style=\"text-align: justify;\"><a href=\"http:\/\/arwann.com\/wp-content\/uploads\/2014\/05\/rasso2.png\"><img loading=\"lazy\" decoding=\"async\" class=\"aligncenter wp-image-1384 size-medium\" src=\"http:\/\/arwann.com\/wp-content\/uploads\/2014\/05\/rasso2-300x193.png\" alt=\"rasso2\" width=\"300\" height=\"193\" srcset=\"http:\/\/arwann.com\/wp-content\/uploads\/2014\/05\/rasso2-300x194.png 300w, http:\/\/arwann.com\/wp-content\/uploads\/2014\/05\/rasso2.png 463w\" sizes=\"auto, (max-width: 300px) 100vw, 300px\" \/><\/a><\/p>\n<h2 style=\"text-align: justify;\"><span style=\"color: #000080;\"><strong><a style=\"color: #000080;\" name=\"unif\"><\/a>L\u2019UNIFORME<\/strong><\/span><\/h2>\n<p style=\"text-align: justify;\">Chacun conna\u00eet l&rsquo;importance du costume. Plus pr\u00e9cis\u00e9ment l&rsquo;importance des attributs de la fonction. Le jour o\u00f9 les gendarmes seront en sweat, jeans et baskets, le bazar g\u00e9n\u00e9ralis\u00e9 suivra peu de temps apr\u00e8s. Les scouts, comme tout corps constitu\u00e9, portent un uniforme. \u00catre scout \u00e7a doit forc\u00e9ment se voir par le style vestimentaire et par les attributs. Le style scout c&rsquo;est plut\u00f4t celui de l&rsquo;homme des bois qui porte des effets efficaces (fan\u00e9s et us\u00e9s). M\u00eame si certains mouvements scouts s\u2019en d\u00e9fendent, chacun sait que l&rsquo;uniforme des scouts fut copi\u00e9 sur l&rsquo;uniforme militaire du d\u00e9but du vingti\u00e8me si\u00e8cle. Bien s\u00fbr cet uniforme a \u00e9volu\u00e9 au cours du temps. Les attributs pour les scouts nous en trouvons plusieurs : chapeau scout ou b\u00e9ret, culotte courte et foulard. Mais parmi ces attributs, celui qui est indiscutable et universel, c&rsquo;est le foulard.<\/p>\n<p style=\"text-align: justify;\">C&rsquo;est le foulard qui fait le scout. Les mouvements qui ont cru se r\u00e9former et qui ont voulu quitter le foulard y sont finalement revenus. Ceux qui sont all\u00e9s \u00e0 l\u2019\u00e9tranger ont pu rencontrer des jeunes aux tenues \u00ab\u00a0folkloriques\u00a0\u00bb&#8230; mais il y avait tout de m\u00eame le foulard. La deuxi\u00e8me chose importante apr\u00e8s le foulard ce sont les insignes. Les mouvements r\u00e9form\u00e9s qui avaient cru pouvoir les supprimer y sont \u00e9galement revenus. Les scouts folkloriques de l\u2019\u00e9tranger portent aussi beaucoup d\u2019insignes et avec le foulard on les reconna\u00eet infailliblement pour des scouts.<\/p>\n<p style=\"text-align: justify;\">Le reste de l&rsquo;uniforme est beaucoup moins charg\u00e9 de symbolique que le foulard. Nous ne disons pas qu&rsquo;il ne rev\u00eat aucune importance mais \u00e0 notre avis elle se place au second rang.<\/p>\n<h3 style=\"text-align: justify;\"><span style=\"color: #000080;\"><strong>La tenue et le port de l&rsquo;uniforme<\/strong><\/span><\/h3>\n<p style=\"text-align: justify;\">Bien porter l&rsquo;uniforme, ou plut\u00f4t bien porter sa qualit\u00e9 de scout au vu et au su de tous c&rsquo;est d&rsquo;abord et avant tout bien porter son foulard.<\/p>\n<p style=\"text-align: justify;\">Le foulard est l&#8217;embl\u00e8me du scout et ce foulard est aux couleurs de la troupe, il se rapporte donc \u00e0 ses traditions et son histoire. Celui qui porte tel foulard d\u00e9clare appartenir \u00e0 la fraternit\u00e9 scoute et \u00e0 tel groupe.<\/p>\n<h4 style=\"text-align: justify;\"><span style=\"color: #000080;\"><strong>Bien porter le foulard.<\/strong><\/span><\/h4>\n<p style=\"text-align: justify;\">Avec tout ce qui vient d&rsquo;\u00eatre expliqu\u00e9, on comprend que le foulard doit \u00eatre vu. Il se porte donc imp\u00e9rativement par-dessus le col de la chemise. Et non pas dessous comme une cravate. Les cravates c&rsquo;est pour le bureau et ce n&rsquo;est pas la peine de commencer trop t\u00f4t, il y aura bien le temps par la suie. Pour mettre le foulard \u00e0 l&rsquo;honneur, il convient de ne pas le rouler serr\u00e9 comme une ficelle, un peu d&rsquo;ampleur le met en valeur. Il suffit pour s&rsquo;en convaincre de jeter un coup d&rsquo;\u0153il aux magnifiques dessins de <strong>Pierre Joubert<\/strong>, les foulards y sont toujours un peu bouffants. Autrefois les foulards \u00e9taient carr\u00e9s et ils \u00e9taient pli\u00e9s en deux sur une diagonale. Maintenant ils sont triangulaires et les scouts essaient de les faire ressembler \u00e0 des ficelles. Revenons \u00e0 la tradition et roulons nos foulards bouffants. En pla\u00e7ant une pi\u00e8ce de tissu triangulaire un peu plus petite que le foulard et que l\u2019on roule avec, on retrouve ce bel effet bouffant. Autrefois \u00e9galement les foulards \u00e9taient unis, les bandes sont apparues bien plus tard. Gr\u00e2ce au dessin de Pierre Joubert on peut dater cette \u00e9volution.<\/p>\n<p style=\"text-align: justify;\">\u00a0<a href=\"http:\/\/arwann.com\/wp-content\/uploads\/2014\/05\/foulard-ample.png\"><img loading=\"lazy\" decoding=\"async\" class=\"aligncenter wp-image-1403 size-medium\" src=\"http:\/\/arwann.com\/wp-content\/uploads\/2014\/05\/foulard-ample-300x242.png\" alt=\"foulard ample\" width=\"300\" height=\"242\" srcset=\"http:\/\/arwann.com\/wp-content\/uploads\/2014\/05\/foulard-ample-300x242.png 300w, http:\/\/arwann.com\/wp-content\/uploads\/2014\/05\/foulard-ample.png 530w\" sizes=\"auto, (max-width: 300px) 100vw, 300px\" \/><\/a><\/p>\n<p style=\"text-align: justify;\">M\u00eame remarque pour la pointe. De nos jours, et allant de pair avec les foulards \u00ab\u00a0ficelle\u00a0\u00bb, les pointes sont quasi inexistantes. On avait coutume de dire autrefois qu&rsquo;on jaugeait la g\u00e9n\u00e9rosit\u00e9 d&rsquo;\u00e2me d&rsquo;un scout \u00e0 la pointe arri\u00e8re de son foulard. Une toute petite pointe d\u00e9non\u00e7ait un esprit \u00e9triqu\u00e9, calculateur et mesquin. Au contraire, une large pointe qui se d\u00e9ployait bien dans le dos indiquait un beau scout. C&rsquo;est toujours vrai de nos jours.<\/p>\n<p style=\"text-align: justify;\">Un foulard scout se porte avec une bague de foulard tress\u00e9e. Si d&rsquo;aventure la bague est perdue (\u00e7a peut arriver en activit\u00e9s) ce n&rsquo;est pas long de tresser une bague provisoire avec un lien, en attendant le brin de cuir.<\/p>\n<p style=\"text-align: justify;\">Certains pr\u00e9tendent qu&rsquo;il faut rentrer en elles-m\u00eames les deux pointes inf\u00e9rieures du foulard afin de lui donner une extr\u00e9mit\u00e9 carr\u00e9e. Dans aucun dessin ni aucune photo qui met en sc\u00e8ne des scouts depuis la cr\u00e9ation du scoutisme on ne voit de choses semblable. C\u2019est le signe de scouts \u00ab\u00a0t\u00eate \u00e0 boulon\u00a0\u00bb, manque de finesse comme les pointes de leur foulard. Si des scouts veulent se distinguer, qu&rsquo;ils se garnissent les manches de badges m\u00e9rit\u00e9s puis de la premi\u00e8re classe.<\/p>\n<p style=\"text-align: justify;\">Par temps froid il faut accepter de porter un v\u00eatement par-dessus le pull. Et \u00e7a cache le foulard. L\u00e0 c&rsquo;est comme \u00e7a, il n&rsquo;y a rien \u00e0 faire. On fera juste en sorte de choisir des couleurs neutres qui forment un semblant d\u2019uniforme pour la patrouille ou l\u2019unit\u00e9. Pour ce v\u00eatement. Certains, de faible constitution, craignent pour leur amygdales et s&rsquo;enroulent le cou dans un ch\u00e8che qui fait totalement dispara\u00eetre le foulard. Il faut bien se rendre \u00e0 l&rsquo;\u00e9vidence, entre ch\u00e8che et foulard il faut choisir : Fafounet ou \u00c9claireur ? \u00ab\u00a0<em>Oui, chef mais j&rsquo;ai une prescription m\u00e9dicale. Je dois me couvrir le cou sinon mes parents ne me laissent pas sortir par ce froid. C&rsquo;est comme pour les grolles je dois porter des chaussures orthop\u00e9diques <\/em>\u00ab\u00a0. Mais le chef ne s&rsquo;en laisse pas conter si facilement : \u00a0\u00bb <em>Bon, pour les chaussures orthop\u00e9diques je ne peux rien dire car moi aussi j&rsquo;ai les chevilles fragiles et je dois en porter. En revanche, troque donc ton ch\u00e8che pour un tour de cou. C&rsquo;est compatible avec le foulard, et regarde comme cela le met en valeur<\/em>.<\/p>\n<p style=\"text-align: justify;\"><a href=\"http:\/\/arwann.com\/wp-content\/uploads\/2014\/05\/bague1.png\"><img loading=\"lazy\" decoding=\"async\" class=\"aligncenter wp-image-1378 size-medium\" src=\"http:\/\/arwann.com\/wp-content\/uploads\/2014\/05\/bague1-300x114.png\" alt=\"bague1\" width=\"300\" height=\"114\" srcset=\"http:\/\/arwann.com\/wp-content\/uploads\/2014\/05\/bague1-300x115.png 300w, http:\/\/arwann.com\/wp-content\/uploads\/2014\/05\/bague1.png 718w\" sizes=\"auto, (max-width: 300px) 100vw, 300px\" \/><\/a> <a href=\"http:\/\/arwann.com\/wp-content\/uploads\/2014\/05\/bague2.png\"><img loading=\"lazy\" decoding=\"async\" class=\"aligncenter wp-image-1379 size-medium\" src=\"http:\/\/arwann.com\/wp-content\/uploads\/2014\/05\/bague2-300x257.png\" alt=\"bague2\" width=\"300\" height=\"257\" srcset=\"http:\/\/arwann.com\/wp-content\/uploads\/2014\/05\/bague2-300x257.png 300w, http:\/\/arwann.com\/wp-content\/uploads\/2014\/05\/bague2.png 609w\" sizes=\"auto, (max-width: 300px) 100vw, 300px\" \/><\/a><\/p>\n<h4 style=\"text-align: justify;\"><span style=\"color: #000080;\"><strong>Tenue de camp<\/strong><\/span><\/h4>\n<p style=\"text-align: justify;\">En camp on ne porte pas habituellement son foulard de troupe sauf pour les rassemblements et les c\u00e9r\u00e9monies officielles. On garde celui-ci \u00e0 l&rsquo;abri de la salet\u00e9 et on portera plut\u00f4t un foulard de patrouille ou un foulard perso auquel on peut tenir. Il est pr\u00e9f\u00e9rable de nouer ce type de foulard non pas \u00e0 la mani\u00e8re des louveteaux mais \u00e0 la mani\u00e8re des anciens en adoptant le n\u0153ud carr\u00e9.<\/p>\n<p style=\"text-align: justify;\"><a href=\"http:\/\/arwann.com\/wp-content\/uploads\/2014\/05\/foulard-carre.png\"><img loading=\"lazy\" decoding=\"async\" class=\"aligncenter wp-image-1382 size-medium\" src=\"http:\/\/arwann.com\/wp-content\/uploads\/2014\/05\/foulard-carre-300x124.png\" alt=\"foulard carre\" width=\"300\" height=\"124\" srcset=\"http:\/\/arwann.com\/wp-content\/uploads\/2014\/05\/foulard-carre-300x124.png 300w, http:\/\/arwann.com\/wp-content\/uploads\/2014\/05\/foulard-carre.png 798w\" sizes=\"auto, (max-width: 300px) 100vw, 300px\" \/><\/a><\/p>\n<h4 style=\"text-align: justify;\"><span style=\"color: #000080;\"><strong>Le reste de l&rsquo;uniforme<\/strong><\/span><\/h4>\n<p style=\"text-align: justify;\">Se porte de mani\u00e8re compl\u00e8te, conforme et \u00e9l\u00e9gante \u00e0 chaque fois. C&rsquo;est ainsi la mani\u00e8re de marquer qu&rsquo;on accepte de bon c\u0153ur le principe d&rsquo;autorit\u00e9 d\u00e9j\u00e0 pr\u00e9sent\u00e9. C&rsquo;est aussi une marque de respect public pour les couleurs, pour la sainte messe, pour ceux qui prononcent leur promesse etc.<\/p>\n<h4 style=\"text-align: justify;\"><span style=\"color: #000080;\"><strong>Adapter sa tenue<\/strong><\/span><\/h4>\n<p style=\"text-align: justify;\">Souvent il sera n\u00e9cessaire de savoir adapter sa tenue exemple : le pantalon contre les moustiques en Laponie, le ch\u00e8che savamment nou\u00e9 pour se prot\u00e9ger \u00e9galement des m\u00eames dipt\u00e8res. Un casque et un gilet de flottaison pour affronter les rapides du Lutto. Ou encore une veste de combat pour des jeux muscl\u00e9s. Aussi des chaussures orthop\u00e9diques (ou rangers) pour ne pas se tordre les pieds dans les \u00e9boulis du mont Sokosti.<\/p>\n<p style=\"text-align: justify;\">Souvent les b\u00e9rets ont une f\u00e2cheuse tendance \u00e0 prendre la cl\u00e9 des champs au cours des jeux. On peut fort bien concevoir d&rsquo;\u00eatre nu t\u00eate pendant les jeux ou de porter un autre couvre-chef (de bon go\u00fbt aussi). Mais, rappelons-nous : toujours le foulard (ou un foulard) et le foulard port\u00e9 comme embl\u00e8me.<\/p>\n<h4 style=\"text-align: justify;\"><span style=\"color: #000080;\"><strong>Entretenir son uniforme<\/strong><\/span><\/h4>\n<p style=\"text-align: justify;\">En patrouille, il faut absolument se construire soit des \u00e9tag\u00e8res, des cintres et une penderie qui vont permettre d&rsquo;accrocher correctement les uniformes plut\u00f4t que de les rouler en boule sous un duvet ou dans un sac. Ensuite, il ne faut pas h\u00e9siter \u00e0 se changer souvent. D\u00e8s que le port de l&rsquo;uniforme n&rsquo;est plus demand\u00e9, retourner \u00e0 la tenue de camp. Enfin il est assez facile de laver ses affaires et il faut le faire souvent (Voir <a title=\"Lessive et repassage au camp\" href=\"http:\/\/arwann.com\/?page_id=1309\">lessive et repassage<\/a>)<\/p>\n<h4 style=\"text-align: justify;\"><span style=\"color: #000080;\"><strong>Quel uniforme\u00a0?<\/strong><\/span><\/h4>\n<p style=\"text-align: justify;\">Lorsque nous \u00e9tions jeunes scouts et chefs plus tard, nous avons maintes fois entendu ou lu que l\u2019uniforme scout \u00e9tait parfaitement adapt\u00e9 \u00e0 la vie dans les bois. Sans vraiment acquiescer nous admettions. Mais plus tard avec un peu d\u2019exp\u00e9rience je peux dire\u00a0: foutaise totale.<\/p>\n<p style=\"text-align: justify;\">N\u2019oublions pas que l\u2019uniforme scout a \u00e9t\u00e9 fortement inspir\u00e9 des uniformes militaires du d\u00e9but du 20<sup>\u00e8me<\/sup> si\u00e8cle. L\u2019uniforme scout actuel n\u2019est pas adapt\u00e9 \u00e0 la vie dans les bois. C\u2019est tout au plus un compromis entre vie dans les bois et tenue de parade.<\/p>\n<p style=\"text-align: justify;\">Pour les shorts, le beige est trop salissant, le bleu marine va mieux mais du vert arm\u00e9e serait parfait.<\/p>\n<p style=\"text-align: justify;\"><a href=\"http:\/\/arwann.com\/wp-content\/uploads\/2014\/05\/unif1.png\"><img loading=\"lazy\" decoding=\"async\" class=\"alignleft wp-image-1387 size-medium\" src=\"http:\/\/arwann.com\/wp-content\/uploads\/2014\/05\/unif1-284x300.png\" alt=\"unif1\" width=\"284\" height=\"300\" srcset=\"http:\/\/arwann.com\/wp-content\/uploads\/2014\/05\/unif1-284x300.png 284w, http:\/\/arwann.com\/wp-content\/uploads\/2014\/05\/unif1-300x316.png 300w, http:\/\/arwann.com\/wp-content\/uploads\/2014\/05\/unif1.png 604w\" sizes=\"auto, (max-width: 284px) 100vw, 284px\" \/><\/a> <a href=\"http:\/\/arwann.com\/wp-content\/uploads\/2014\/05\/unif2.png\"><img loading=\"lazy\" decoding=\"async\" class=\"alignright wp-image-1388 size-medium\" src=\"http:\/\/arwann.com\/wp-content\/uploads\/2014\/05\/unif2-269x300.png\" alt=\"unif2\" width=\"269\" height=\"300\" srcset=\"http:\/\/arwann.com\/wp-content\/uploads\/2014\/05\/unif2-269x300.png 269w, http:\/\/arwann.com\/wp-content\/uploads\/2014\/05\/unif2-300x334.png 300w, http:\/\/arwann.com\/wp-content\/uploads\/2014\/05\/unif2.png 638w\" sizes=\"auto, (max-width: 269px) 100vw, 269px\" \/><\/a><\/p>\n<p style=\"text-align: justify;\">Pour les pulls, m\u00eame histoire, le vert arm\u00e9e ou proche serait parfait.<\/p>\n<p style=\"text-align: justify;\">Pour les chemises\u2026 allez, du vert aussi, du gris vert \u00e7a va bien \u00e9galement, \u00e0 la rigueur on reste en beige.<\/p>\n<p style=\"text-align: justify;\">Le b\u00e9ret peut rester en bleu marine mais on pourrait le porter en vert du moment qu\u2019on est s\u00fbr d\u2019en trouver de mani\u00e8re p\u00e9renne.<\/p>\n<p style=\"text-align: justify;\">Le cas des guides est plus d\u00e9licat. On trouve assez facilement des jupes bleu marine mais en s\u2019organisant un peu, la jupe vert sombre pourrait exister.<\/p>\n<h4 style=\"text-align: justify;\"><strong><span style=\"color: #000080;\">Mais surtout\u00a0?<\/span>\u00a0<\/strong><\/h4>\n<h4 style=\"text-align: justify;\"><span style=\"color: #000080;\"><strong>Le foulard et les insignes!!!<\/strong><\/span><\/h4>\n<p style=\"text-align: justify;\">Quelques \u00e9claireuses en uniformes.<\/p>\n<h2 style=\"text-align: justify;\"><strong><a href=\"http:\/\/arwann.com\/wp-content\/uploads\/2014\/05\/unif-guides.png\"><img loading=\"lazy\" decoding=\"async\" class=\"aligncenter wp-image-1407 size-medium\" src=\"http:\/\/arwann.com\/wp-content\/uploads\/2014\/05\/unif-guides-259x300.png\" alt=\"unif guides\" width=\"259\" height=\"300\" srcset=\"http:\/\/arwann.com\/wp-content\/uploads\/2014\/05\/unif-guides-259x300.png 259w, http:\/\/arwann.com\/wp-content\/uploads\/2014\/05\/unif-guides-300x347.png 300w, http:\/\/arwann.com\/wp-content\/uploads\/2014\/05\/unif-guides.png 697w\" sizes=\"auto, (max-width: 259px) 100vw, 259px\" \/><\/a><br \/>\n<\/strong><span style=\"color: #000080;\"><strong><a style=\"color: #000080;\" name=\"couleurs\"><\/a>LEVER DES COULEURS<\/strong><\/span><\/h2>\n<h3 style=\"text-align: justify;\"><span style=\"color: #000080;\"><strong>Un symbole<\/strong><\/span><\/h3>\n<p style=\"text-align: justify;\">Voici encore une coutume propre aux scouts. En r\u00e9alit\u00e9 cette coutume est d&rsquo;origine militaire et elle rev\u00eat un caract\u00e8re universel. C\u2019est bien dommage qu\u2019en France, elle n\u2019est maintenant pratiqu\u00e9e qu&rsquo;aux scouts et qu\u2019\u00e0 l\u2019arm\u00e9e. Pourtant, il n&rsquo;y a pas bien longtemps on levait les couleurs dans les coll\u00e8ges ou les institutions d&rsquo;\u00e9ducation. Nous ne parlons ici que de la France car ces coutumes demeurent vivaces dans d&rsquo;autres pays : USA, pays scandinaves, Pays Slaves, Pays \u00e9mergents&#8230;<\/p>\n<p style=\"text-align: justify;\">Lever les couleurs est un acte patriotique fort. C&rsquo;est l&rsquo;hommage aux anciens qui ont su\u00e9 et trim\u00e9 et souvent donn\u00e9 leur vie pour notre s\u00e9curit\u00e9, nos richesses mat\u00e9rielles, nos richesses spirituelles et pour assurer une certaine joie aux g\u00e9n\u00e9rations futures. C\u2019est eux qui ont b\u00e2ti nos maisons, nos villages et nos villes, nos \u00e9glises, nos beffrois et nos cath\u00e9drales. Ce sont eux encore qui ont intelligemment dompt\u00e9 la nature et fa\u00e7onn\u00e9 les paysages de France. Nous leur devons la vie transmise, l\u2019\u00e9ducation\u2026 presque tout en somme. Alors, en retour ils ont droit \u00e0 notre reconnaissance. Nous devons nous sentir fiers de cette ascendance, fiers de leurs r\u00e9alisations et d\u00e9cid\u00e9s \u00e0 poursuivre leur \u0153uvre, chacun selon ses talents. Ceci passe par un symbole : le pavillon national qui capitalise en lui toute l&rsquo;histoire de la nation. En honorant le drapeau nous ne faisons all\u00e9geance \u00e0 personne mais nous renouvelons cet engagement \u00e0 poursuivre l&rsquo;\u0153uvre de nos anciens. En honorant le drapeau nous n&rsquo;honorons pas les gouvernements ni l\u2019appareil d\u2019\u00e9tat mais les hommes qui ont \u0153uvr\u00e9 pour le bien commun. Et nous chr\u00e9tiens nous honorons tout sp\u00e9cialement ceux qui ont travaill\u00e9 \u00e0 l&rsquo;av\u00e8nement du r\u00e8gne du Christ. Il s&rsquo;en est trouv\u00e9 \u00e0 toutes les \u00e9poques m\u00eame sous les pires pers\u00e9cutions. Nous honorons la France, cette r\u00e9alisation de nos anciens qui rendait la vie chr\u00e9tienne facile et joyeuse.<\/p>\n<h3 style=\"text-align: justify;\"><span style=\"color: #000080;\"><strong>Parfaitement ex\u00e9cut\u00e9<\/strong><\/span><\/h3>\n<p style=\"text-align: justify;\">Le lever des couleurs est un acte fort et on se doit de l&rsquo;ex\u00e9cuter de mani\u00e8re digne et \u00e9nergique.<br \/>\n&#8211;\u00a0\u00a0\u00a0\u00a0\u00a0\u00a0\u00a0\u00a0\u00a0\u00a0\u00a0\u00a0\u00a0\u00a0\u00a0\u00a0\u00a0\u00a0\u00a0\u00a0\u00a0 D&rsquo;abord l&rsquo;uniforme est complet<br \/>\n&#8211;\u00a0\u00a0\u00a0\u00a0\u00a0\u00a0\u00a0\u00a0\u00a0\u00a0\u00a0\u00a0\u00a0\u00a0\u00a0\u00a0\u00a0\u00a0\u00a0\u00a0\u00a0 Le rassemblement dynamique<br \/>\n&#8211;\u00a0\u00a0\u00a0\u00a0\u00a0\u00a0\u00a0\u00a0\u00a0\u00a0\u00a0\u00a0\u00a0\u00a0\u00a0\u00a0\u00a0\u00a0\u00a0\u00a0\u00a0 La technique est irr\u00e9prochable : la drisse coulisse bien, le drapeau monte bien. (\u00c0 v\u00e9rifier AVANT).<br \/>\n&#8211;\u00a0\u00a0\u00a0\u00a0\u00a0\u00a0\u00a0\u00a0\u00a0\u00a0\u00a0\u00a0\u00a0\u00a0\u00a0\u00a0\u00a0\u00a0\u00a0\u00a0\u00a0 Les couleurs montent rapidement. Il n&rsquo;y a rien de plus navrant que d&rsquo;assister \u00e0 ces levers gnan-gnans qui s&rsquo;\u00e9ternisent pendant que le drapeau monte cm par cm.<br \/>\n&#8211;\u00a0\u00a0\u00a0\u00a0\u00a0\u00a0\u00a0\u00a0\u00a0\u00a0\u00a0\u00a0\u00a0\u00a0\u00a0\u00a0\u00a0\u00a0\u00a0\u00a0\u00a0 Enfin on manipule avec respect le pavillon. Bien s\u00fbt on ne respecte pas l&rsquo;\u00e9toffe mais le symbole. Les gants blancs ne sont pas obligatoires mais ils parent \u00e9l\u00e9gamment des mains sales de travailleurs. On ne laisse pas tra\u00eener \u00e0 terre le pavillon et au kra\u00e2l il est conserv\u00e9 dans un endroit convenable (pas dans l&rsquo;intendance \u00e0 c\u00f4t\u00e9 du PQ). Un dernier mot sur les m\u00e2ts : \u00e9l\u00e9gance et sobri\u00e9t\u00e9, bien s\u00fbr solidit\u00e9.<\/p>\n<p style=\"text-align: justify;\"><a href=\"http:\/\/arwann.com\/wp-content\/uploads\/2014\/05\/couleurs1.png\">\u00a0<\/a><\/p>\n<h3 style=\"text-align: justify;\"><span style=\"color: #000080;\"><strong>Amener les couleurs<\/strong><\/span><\/h3>\n<p style=\"text-align: justify;\"><a href=\"http:\/\/arwann.com\/wp-content\/uploads\/2014\/05\/couleurs1.png\"><img loading=\"lazy\" decoding=\"async\" class=\" wp-image-1380 size-medium alignright\" src=\"http:\/\/arwann.com\/wp-content\/uploads\/2014\/05\/couleurs1-222x300.png\" alt=\"couleurs1\" width=\"222\" height=\"300\" srcset=\"http:\/\/arwann.com\/wp-content\/uploads\/2014\/05\/couleurs1-222x300.png 222w, http:\/\/arwann.com\/wp-content\/uploads\/2014\/05\/couleurs1-300x404.png 300w, http:\/\/arwann.com\/wp-content\/uploads\/2014\/05\/couleurs1.png 460w\" sizes=\"auto, (max-width: 222px) 100vw, 222px\" \/><\/a>Les couleurs ne passent jamais la nuit en haut du m\u00e2t. On doit les amener. On peut amener devant toute la troupe mais on peut \u00e9galement le faire en comit\u00e9 restreint (tout comme le lever)\u00a0; Dans le cas de couleurs en petit comit\u00e9, on lance un signal pour que toute personne pr\u00e9sente au camp cesse ses activit\u00e9s et se tourne vers le m\u00e2t (qu\u2019il soit visible ou non) et salue le temps du signal.<\/p>\n<h3 style=\"text-align: justify;\"><span style=\"color: #000080;\"><strong>Les r\u00e8gles<\/strong><\/span><\/h3>\n<p style=\"text-align: justify;\">Voici les r\u00e8gles pour les m\u00e2ts, elles sont universelles donc on les appliquera.<br \/>\nUn seul m\u00e2t\u00a0?-&gt; Pavillon national seul<br \/>\nDeux m\u00e2ts\u00a0?-&gt; Pavillon national\u00a0; flamme du mouvement<br \/>\nTrois m\u00e2t\u00a0? -&gt; Pavillon national\u00a0; flamme du mouvement\u00a0; flamme de la troupe ou flamme de la province.<br \/>\nAttention, on monte un seul pavillon par m\u00e2t. Il ne s\u2019agit pas de faire, comme pour la marine, des signaux vers d\u2019autres bateaux. Si les m\u00e2ts ne sont pas de m\u00eame hauteur on r\u00e9serve le plus haut pour le pavillon national. Si on campe \u00e0 l\u2019\u00e9tranger, on montera le pavillon fran\u00e7ais et le pavillon du pays d\u2019accueil.<\/p>\n<p style=\"text-align: justify;\">Normalement, s\u2019il y a des visiteurs ils devraient saluer vers les couleurs en entrant sur le camp.<\/p>\n<p style=\"text-align: justify;\">Si on veut occuper du monde on peut mettre deux scouts par pavillon. Cependant \u00e7a fonctionne tr\u00e8s bien avec un seul. Il suffit de se poser le pavillon sur l\u2019\u00e9paule et de tirer la drisse.<\/p>\n<p style=\"text-align: justify;\"><a href=\"http:\/\/arwann.com\/wp-content\/uploads\/2014\/05\/couleurs2.png\"><img loading=\"lazy\" decoding=\"async\" class=\"aligncenter wp-image-1381 size-medium\" src=\"http:\/\/arwann.com\/wp-content\/uploads\/2014\/05\/couleurs2-203x300.png\" alt=\"couleurs2\" width=\"203\" height=\"300\" srcset=\"http:\/\/arwann.com\/wp-content\/uploads\/2014\/05\/couleurs2-203x300.png 203w, http:\/\/arwann.com\/wp-content\/uploads\/2014\/05\/couleurs2-300x442.png 300w, http:\/\/arwann.com\/wp-content\/uploads\/2014\/05\/couleurs2.png 582w\" sizes=\"auto, (max-width: 203px) 100vw, 203px\" \/><\/a><\/p>\n<h2 style=\"text-align: justify;\"><strong><br \/>\n<a name=\"inspections\"><\/a><span style=\"color: #000080;\">INSPECTIONS<\/span><\/strong><\/h2>\n<p style=\"text-align: justify;\">Les inspections sont \u00e0 la fois un jeu et une n\u00e9cessit\u00e9. La n\u00e9cessit\u00e9 c&rsquo;est qu&rsquo;un coin de pat c&rsquo;est rapidement le bazar pour peu qu&rsquo;on ne soit pas trop port\u00e9 sur le rangement. L&rsquo;inspection oblige \u00e0 r\u00e9guli\u00e8rement ranger. De la m\u00eame fa\u00e7on, pendant certains camps frisquets on h\u00e9site \u00e0 se laver, on ne change pas de linge. L&rsquo;inspection permet de poser des questions et de v\u00e9rifier l&rsquo;hygi\u00e8ne d&rsquo;une mani\u00e8re g\u00e9n\u00e9rale. Et pendant qu&rsquo;on y est on va v\u00e9rifier les connaissances de base surtout vers les plus jeunes : loi, principes, n\u0153uds, topo etc. Pour les scouts ce n&rsquo;est pas une occasion de tromper les chefs. On r\u00e9pond loyalement m\u00eame si on doit se r\u00e9colter une p\u00e9nalit\u00e9 symbolique.<\/p>\n<p style=\"text-align: justify;\">Les coins de pats doivent pr\u00e9senter un \u00e9tat d&rsquo;ordre compatible avec l&rsquo;activit\u00e9 en cours, passer \u00e0 l&rsquo;\u00e9tat propre et rang\u00e9 doit pouvoir s\u2019effectuer en quelques minutes : hop\u00a0! On range le maillot qui s\u00e8che, on arrange les duvets sur les lits, on empile les gamelles, on rassemble les brandons et on balaie un peu autour du feu, un coup de rangement du secr\u00e9taire&#8230;. Rappelons-nous que nos camps peuvent \u00eatre visit\u00e9s \u00e0 n&rsquo;importe quel moment. Si les coins de pat peuvent \u00eatre rang\u00e9s en quelques minutes, il est beaucoup plus dur de faire une vaisselle ou de se laver dans le m\u00eame temps.<\/p>\n<h2 style=\"text-align: justify;\"><span style=\"color: #000080;\"><strong><a style=\"color: #000080;\" name=\"saluts\"><\/a>LES SALUTS<\/strong><\/span><\/h2>\n<p style=\"text-align: justify;\">Tout le monde conna\u00eet les diff\u00e9rents saluts. Il faut les utiliser \u00e0 bon escient et ils ont tous leur utilit\u00e9<\/p>\n<p style=\"text-align: justify;\"><strong><a href=\"http:\/\/arwann.com\/wp-content\/uploads\/2014\/05\/salut_debout-B.png\"><img loading=\"lazy\" decoding=\"async\" class=\"alignright wp-image-1524 size-medium\" src=\"http:\/\/arwann.com\/wp-content\/uploads\/2014\/05\/salut_debout-B-278x300.png\" alt=\"salut au b\u00e9ret guide c\u00e9r\u00e9monial\" width=\"278\" height=\"300\" srcset=\"http:\/\/arwann.com\/wp-content\/uploads\/2014\/05\/salut_debout-B-278x300.png 278w, http:\/\/arwann.com\/wp-content\/uploads\/2014\/05\/salut_debout-B-300x323.png 300w, http:\/\/arwann.com\/wp-content\/uploads\/2014\/05\/salut_debout-B.png 365w\" sizes=\"auto, (max-width: 278px) 100vw, 278px\" \/><\/a> <a href=\"http:\/\/arwann.com\/wp-content\/uploads\/2014\/05\/Salut-au-b\u00e9ret-D.bmp\"><img loading=\"lazy\" decoding=\"async\" class=\"alignnone size-medium wp-image-1525\" src=\"http:\/\/arwann.com\/wp-content\/uploads\/2014\/05\/Salut-au-b\u00e9ret-D.bmp\" alt=\"Salut au b\u00e9ret-D\" width=\"1\" height=\"1\" \/><\/a> <span style=\"color: #000080;\">Au chapeau ou au b\u00e9ret<\/span><\/strong><span style=\"color: #000080;\">.<\/span>On porte la main droite au niveau de la t\u00eate. Autrefois cela simulait le geste de se d\u00e9couvrir. On peut effectuer ce salut chacun suivant son style\u00a0: en oreille de Mickey ou en visi\u00e8re. On peut saluer de loin (par exemple les couleurs) ou de pr\u00e8s un autre scout et dans ce cas on se serre la main gauche.<\/p>\n<p style=\"text-align: justify;\"><span style=\"color: #000080;\"><strong><img loading=\"lazy\" decoding=\"async\" class=\"alignnone size-medium wp-image-1525\" src=\"http:\/\/arwann.com\/wp-content\/uploads\/2014\/05\/Salut-au-b\u00e9ret-D.bmp\" alt=\"Salut scout  sans chapeau c\u00e9r\u00e9monial \" width=\"1\" height=\"1\" \/><img loading=\"lazy\" decoding=\"async\" class=\"alignnone size-medium wp-image-1528\" src=\"http:\/\/arwann.com\/wp-content\/uploads\/2014\/05\/Salut-au-b\u00e9ret-D.bmp\" alt=\"Salut scout  sans b\u00e9ret c\u00e9r\u00e9monial\" width=\"1\" height=\"1\" \/><a style=\"color: #000080;\" href=\"http:\/\/arwann.com\/wp-content\/uploads\/2014\/05\/Salut-au-b\u00e9ret-D.png\"><img loading=\"lazy\" decoding=\"async\" class=\"alignleft wp-image-1529 size-medium\" src=\"http:\/\/arwann.com\/wp-content\/uploads\/2014\/05\/Salut-au-b\u00e9ret-D-259x300.png\" alt=\"Salut scout  sans b\u00e9ret c\u00e9r\u00e9monial\" width=\"259\" height=\"300\" srcset=\"http:\/\/arwann.com\/wp-content\/uploads\/2014\/05\/Salut-au-b\u00e9ret-D-259x300.png 259w, http:\/\/arwann.com\/wp-content\/uploads\/2014\/05\/Salut-au-b\u00e9ret-D-300x347.png 300w, http:\/\/arwann.com\/wp-content\/uploads\/2014\/05\/Salut-au-b\u00e9ret-D.png 341w\" sizes=\"auto, (max-width: 259px) 100vw, 259px\" \/><\/a>Sans chapeau ni b\u00e9ret<\/strong><\/span>.On porte la main droite au niveau de la t\u00eate mais, comme on n\u2019a pas de couvre-chef, on \u00e9carte la main de la t\u00eate. C\u2019est le cas de celui qui prononce sa promesse. C\u2019est aussi le cas lorsque des scouts en tenue civile se rencontrent. On se salue et on se serre la main gauche.<\/p>\n<p style=\"text-align: justify;\"><strong><a href=\"http:\/\/arwann.com\/wp-content\/uploads\/2014\/05\/salut3.png\"><img loading=\"lazy\" decoding=\"async\" class=\"alignright wp-image-1406 size-full\" src=\"http:\/\/arwann.com\/wp-content\/uploads\/2014\/05\/salut3.png\" alt=\"salut3\" width=\"350\" height=\"722\" srcset=\"http:\/\/arwann.com\/wp-content\/uploads\/2014\/05\/salut3.png 350w, http:\/\/arwann.com\/wp-content\/uploads\/2014\/05\/salut3-300x619.png 300w, http:\/\/arwann.com\/wp-content\/uploads\/2014\/05\/salut3-145x300.png 145w\" sizes=\"auto, (max-width: 350px) 100vw, 350px\" \/><\/a>Au Fanion ou au b\u00e2ton<\/strong>. C\u2019est le salut de ceux qui portent une arme et qui font partie d\u2019un corps dot\u00e9 d\u2019une mission et d\u2019un id\u00e9al. En fait, on salue sur l\u2019arme, on dit aussi qu\u2019on pr\u00e9sente l\u2019arme. C\u2019est le \u00ab\u00a0pr\u00e9sentez arme\u00a0\u00bb des militaires. Le scout n\u2019a pas d\u2019arme mais un b\u00e2ton ou un fanion qui tient la m\u00eame place. Au moment de saluer, celui qui tient son b\u00e2ton scout ou le fanion de patrouille, utilisera ce salut. C\u2019est normalement le CP qui porte le fanion mais si un scout poss\u00e8de un b\u00e2ton scout, alors lui aussi pourra saluer au b\u00e2ton.<\/p>\n<p style=\"text-align: justify;\"><span style=\"color: #000080;\"><strong>Au chant de la promesse<\/strong><\/span>. On ne l\u2019utilise qu\u2019\u00e0 cette occasion et \u00e0 chaque fois qu\u2019on le chante. C\u2019est le salut brandi. Ceux qui portent un b\u00e2ton ou un fanion le brandissent. Ce salut est le signe du serment, c\u2019est exactement ce qu\u2019exprime le refrain\u00a0:<\/p>\n<p style=\"text-align: center;\"><em>Devant tous je m\u2019engage \u2013 Sur mon honneur\u2026<br \/>\nProt\u00e8ge ma promesse<br \/>\nSeigneur J\u00e9sus<br \/>\nJe veux T\u2019aimer sans cesse<br \/>\nDe plus en plus<\/em>.<\/p>\n<p style=\"text-align: justify;\">Pourquoi ce salut est-il brandi\u00a0et non pas simplement tendu, comme lorsqu\u2019on jure sur la bible ? Tout simplement parce qu\u2019\u00e0 cette occasion du chant de la promesse, c\u2019est vers le Ciel o\u00f9 se tient NSJC que se tend notre id\u00e9al repr\u00e9sent\u00e9 par le salut.<\/p>\n<p style=\"text-align: justify;\"><span style=\"color: #000080;\"><strong>L\u2019appel scout<\/strong><\/span>. On l\u2019utilise au camp \u00e0 la place du salut parce qu\u2019on a souvent les mains pleines ou occup\u00e9e et qu\u2019il sert \u00e0 s\u2019annoncer. <strong>Do, mi, sol, mi, do, mi, sol, sol, sol, dooo<\/strong><\/p>\n<p style=\"text-align: justify;\"><a href=\"http:\/\/arwann.com\/wp-content\/uploads\/2014\/05\/appel-scout.jpg\"><img loading=\"lazy\" decoding=\"async\" class=\"aligncenter wp-image-1402 size-full\" src=\"http:\/\/arwann.com\/wp-content\/uploads\/2014\/05\/appel-scout.jpg\" alt=\"appel scout\" width=\"274\" height=\"51\" \/><\/a>Normalement on attend la r\u00e9ponse\u00a0: .<strong>do, sol<a href=\"http:\/\/arwann.com\/wp-content\/uploads\/2014\/05\/salut_debout-A.png\"><img loading=\"lazy\" decoding=\"async\" class=\"alignright wp-image-1526 size-medium\" src=\"http:\/\/arwann.com\/wp-content\/uploads\/2014\/05\/salut_debout-A-235x300.png\" alt=\"Salut scout  au b\u00e9ret c\u00e9r\u00e9monial B\" width=\"235\" height=\"300\" srcset=\"http:\/\/arwann.com\/wp-content\/uploads\/2014\/05\/salut_debout-A-235x300.png 235w, http:\/\/arwann.com\/wp-content\/uploads\/2014\/05\/salut_debout-A.png 387w\" sizes=\"auto, (max-width: 235px) 100vw, 235px\" \/><\/a><\/strong><\/p>\n<p style=\"text-align: justify;\"><a href=\"#Haut\">Retour en haut<\/a><\/p>\n","protected":false},"excerpt":{"rendered":"<p>Par Lama. Rassemblements Uniforme Couleurs Inspections Saluts LES RASSEMBLEMENTS Parmi les us et coutumes des scouts on trouve les rassemblements. Pour un n\u00e9ophyte, ces esp\u00e8ces de gaillards qui d\u00e9boulent et qui beuglent c&rsquo;est assez d\u00e9routant. \u00c7a fait partie depuis longtemps du folklore scout mais regardons-y de plus pr\u00e8s. Les militaires mis \u00e0 part, qui est &hellip; <a href=\"http:\/\/arwann.com\/?page_id=1398\" class=\"more-link\">Continuer la lecture de <span class=\"screen-reader-text\">Ordre et coh\u00e9sion<\/span> <span class=\"meta-nav\">&rarr;<\/span><\/a><\/p>\n","protected":false},"author":1,"featured_media":0,"parent":60,"menu_order":0,"comment_status":"open","ping_status":"open","template":"","meta":{"footnotes":""},"class_list":["post-1398","page","type-page","status-publish","hentry"],"yoast_head":"<!-- This site is optimized with the Yoast SEO plugin v27.2 - https:\/\/yoast.com\/product\/yoast-seo-wordpress\/ -->\n<title>Ordre et coh\u00e9sion -<\/title>\n<meta name=\"description\" content=\"rassemblement inspection uniforme scout\" \/>\n<meta name=\"robots\" content=\"index, follow, max-snippet:-1, max-image-preview:large, max-video-preview:-1\" \/>\n<link rel=\"canonical\" href=\"http:\/\/arwann.com\/?page_id=1398\" \/>\n<meta property=\"og:locale\" content=\"fr_FR\" \/>\n<meta property=\"og:type\" content=\"article\" \/>\n<meta property=\"og:title\" content=\"Ordre et coh\u00e9sion -\" \/>\n<meta property=\"og:description\" content=\"rassemblement inspection uniforme scout\" \/>\n<meta property=\"og:url\" content=\"http:\/\/arwann.com\/?page_id=1398\" \/>\n<meta property=\"article:modified_time\" content=\"2015-04-02T20:27:13+00:00\" \/>\n<meta property=\"og:image\" content=\"http:\/\/arwann.com\/wp-content\/uploads\/2014\/04\/bouton-scout.png\" \/>\n<meta name=\"twitter:label1\" content=\"Dur\u00e9e de lecture estim\u00e9e\" \/>\n\t<meta name=\"twitter:data1\" content=\"19 minutes\" \/>\n<script type=\"application\/ld+json\" class=\"yoast-schema-graph\">{\"@context\":\"https:\/\/schema.org\",\"@graph\":[{\"@type\":\"WebPage\",\"@id\":\"http:\/\/arwann.com\/?page_id=1398\",\"url\":\"http:\/\/arwann.com\/?page_id=1398\",\"name\":\"Ordre et coh\u00e9sion -\",\"isPartOf\":{\"@id\":\"http:\/\/arwann.com\/#website\"},\"primaryImageOfPage\":{\"@id\":\"http:\/\/arwann.com\/?page_id=1398#primaryimage\"},\"image\":{\"@id\":\"http:\/\/arwann.com\/?page_id=1398#primaryimage\"},\"thumbnailUrl\":\"http:\/\/arwann.com\/wp-content\/uploads\/2014\/04\/bouton-scout.png\",\"datePublished\":\"2014-05-26T14:09:43+00:00\",\"dateModified\":\"2015-04-02T20:27:13+00:00\",\"description\":\"rassemblement inspection uniforme scout\",\"breadcrumb\":{\"@id\":\"http:\/\/arwann.com\/?page_id=1398#breadcrumb\"},\"inLanguage\":\"fr-FR\",\"potentialAction\":[{\"@type\":\"ReadAction\",\"target\":[\"http:\/\/arwann.com\/?page_id=1398\"]}]},{\"@type\":\"ImageObject\",\"inLanguage\":\"fr-FR\",\"@id\":\"http:\/\/arwann.com\/?page_id=1398#primaryimage\",\"url\":\"http:\/\/arwann.com\/wp-content\/uploads\/2014\/04\/bouton-scout.png\",\"contentUrl\":\"http:\/\/arwann.com\/wp-content\/uploads\/2014\/04\/bouton-scout.png\",\"width\":400,\"height\":400},{\"@type\":\"BreadcrumbList\",\"@id\":\"http:\/\/arwann.com\/?page_id=1398#breadcrumb\",\"itemListElement\":[{\"@type\":\"ListItem\",\"position\":1,\"name\":\"Home\",\"item\":\"http:\/\/arwann.com\/\"},{\"@type\":\"ListItem\",\"position\":2,\"name\":\"Le coin des Scouts\",\"item\":\"http:\/\/arwann.com\/?page_id=29\"},{\"@type\":\"ListItem\",\"position\":3,\"name\":\"La Loi &#038; les Principes\",\"item\":\"https:\/\/arwann.com\/?page_id=60\"},{\"@type\":\"ListItem\",\"position\":4,\"name\":\"Ordre et coh\u00e9sion\"}]},{\"@type\":\"WebSite\",\"@id\":\"http:\/\/arwann.com\/#website\",\"url\":\"http:\/\/arwann.com\/\",\"name\":\"Arwann.com\",\"description\":\"\",\"publisher\":{\"@id\":\"http:\/\/arwann.com\/#organization\"},\"potentialAction\":[{\"@type\":\"SearchAction\",\"target\":{\"@type\":\"EntryPoint\",\"urlTemplate\":\"http:\/\/arwann.com\/?s={search_term_string}\"},\"query-input\":{\"@type\":\"PropertyValueSpecification\",\"valueRequired\":true,\"valueName\":\"search_term_string\"}}],\"inLanguage\":\"fr-FR\"},{\"@type\":\"Organization\",\"@id\":\"http:\/\/arwann.com\/#organization\",\"name\":\"Arwann\",\"url\":\"http:\/\/arwann.com\/\",\"logo\":{\"@type\":\"ImageObject\",\"inLanguage\":\"fr-FR\",\"@id\":\"http:\/\/arwann.com\/#\/schema\/logo\/image\/\",\"url\":\"http:\/\/arwann.com\/wp-content\/uploads\/2014\/04\/cropped-bandeau-arwann-5.png\",\"contentUrl\":\"http:\/\/arwann.com\/wp-content\/uploads\/2014\/04\/cropped-bandeau-arwann-5.png\",\"width\":1600,\"height\":230,\"caption\":\"Arwann\"},\"image\":{\"@id\":\"http:\/\/arwann.com\/#\/schema\/logo\/image\/\"}}]}<\/script>\n<!-- \/ Yoast SEO plugin. -->","yoast_head_json":{"title":"Ordre et coh\u00e9sion -","description":"rassemblement inspection uniforme scout","robots":{"index":"index","follow":"follow","max-snippet":"max-snippet:-1","max-image-preview":"max-image-preview:large","max-video-preview":"max-video-preview:-1"},"canonical":"http:\/\/arwann.com\/?page_id=1398","og_locale":"fr_FR","og_type":"article","og_title":"Ordre et coh\u00e9sion -","og_description":"rassemblement inspection uniforme scout","og_url":"http:\/\/arwann.com\/?page_id=1398","article_modified_time":"2015-04-02T20:27:13+00:00","og_image":[{"url":"http:\/\/arwann.com\/wp-content\/uploads\/2014\/04\/bouton-scout.png","type":"","width":"","height":""}],"twitter_misc":{"Dur\u00e9e de lecture estim\u00e9e":"19 minutes"},"schema":{"@context":"https:\/\/schema.org","@graph":[{"@type":"WebPage","@id":"http:\/\/arwann.com\/?page_id=1398","url":"http:\/\/arwann.com\/?page_id=1398","name":"Ordre et coh\u00e9sion -","isPartOf":{"@id":"http:\/\/arwann.com\/#website"},"primaryImageOfPage":{"@id":"http:\/\/arwann.com\/?page_id=1398#primaryimage"},"image":{"@id":"http:\/\/arwann.com\/?page_id=1398#primaryimage"},"thumbnailUrl":"http:\/\/arwann.com\/wp-content\/uploads\/2014\/04\/bouton-scout.png","datePublished":"2014-05-26T14:09:43+00:00","dateModified":"2015-04-02T20:27:13+00:00","description":"rassemblement inspection uniforme scout","breadcrumb":{"@id":"http:\/\/arwann.com\/?page_id=1398#breadcrumb"},"inLanguage":"fr-FR","potentialAction":[{"@type":"ReadAction","target":["http:\/\/arwann.com\/?page_id=1398"]}]},{"@type":"ImageObject","inLanguage":"fr-FR","@id":"http:\/\/arwann.com\/?page_id=1398#primaryimage","url":"http:\/\/arwann.com\/wp-content\/uploads\/2014\/04\/bouton-scout.png","contentUrl":"http:\/\/arwann.com\/wp-content\/uploads\/2014\/04\/bouton-scout.png","width":400,"height":400},{"@type":"BreadcrumbList","@id":"http:\/\/arwann.com\/?page_id=1398#breadcrumb","itemListElement":[{"@type":"ListItem","position":1,"name":"Home","item":"http:\/\/arwann.com\/"},{"@type":"ListItem","position":2,"name":"Le coin des Scouts","item":"http:\/\/arwann.com\/?page_id=29"},{"@type":"ListItem","position":3,"name":"La Loi &#038; les Principes","item":"https:\/\/arwann.com\/?page_id=60"},{"@type":"ListItem","position":4,"name":"Ordre et coh\u00e9sion"}]},{"@type":"WebSite","@id":"http:\/\/arwann.com\/#website","url":"http:\/\/arwann.com\/","name":"Arwann.com","description":"","publisher":{"@id":"http:\/\/arwann.com\/#organization"},"potentialAction":[{"@type":"SearchAction","target":{"@type":"EntryPoint","urlTemplate":"http:\/\/arwann.com\/?s={search_term_string}"},"query-input":{"@type":"PropertyValueSpecification","valueRequired":true,"valueName":"search_term_string"}}],"inLanguage":"fr-FR"},{"@type":"Organization","@id":"http:\/\/arwann.com\/#organization","name":"Arwann","url":"http:\/\/arwann.com\/","logo":{"@type":"ImageObject","inLanguage":"fr-FR","@id":"http:\/\/arwann.com\/#\/schema\/logo\/image\/","url":"http:\/\/arwann.com\/wp-content\/uploads\/2014\/04\/cropped-bandeau-arwann-5.png","contentUrl":"http:\/\/arwann.com\/wp-content\/uploads\/2014\/04\/cropped-bandeau-arwann-5.png","width":1600,"height":230,"caption":"Arwann"},"image":{"@id":"http:\/\/arwann.com\/#\/schema\/logo\/image\/"}}]}},"_links":{"self":[{"href":"http:\/\/arwann.com\/index.php?rest_route=\/wp\/v2\/pages\/1398","targetHints":{"allow":["GET"]}}],"collection":[{"href":"http:\/\/arwann.com\/index.php?rest_route=\/wp\/v2\/pages"}],"about":[{"href":"http:\/\/arwann.com\/index.php?rest_route=\/wp\/v2\/types\/page"}],"author":[{"embeddable":true,"href":"http:\/\/arwann.com\/index.php?rest_route=\/wp\/v2\/users\/1"}],"replies":[{"embeddable":true,"href":"http:\/\/arwann.com\/index.php?rest_route=%2Fwp%2Fv2%2Fcomments&post=1398"}],"version-history":[{"count":16,"href":"http:\/\/arwann.com\/index.php?rest_route=\/wp\/v2\/pages\/1398\/revisions"}],"predecessor-version":[{"id":2599,"href":"http:\/\/arwann.com\/index.php?rest_route=\/wp\/v2\/pages\/1398\/revisions\/2599"}],"up":[{"embeddable":true,"href":"http:\/\/arwann.com\/index.php?rest_route=\/wp\/v2\/pages\/60"}],"wp:attachment":[{"href":"http:\/\/arwann.com\/index.php?rest_route=%2Fwp%2Fv2%2Fmedia&parent=1398"}],"curies":[{"name":"wp","href":"https:\/\/api.w.org\/{rel}","templated":true}]}}